{"id":3,"date":"2024-05-20T16:19:04","date_gmt":"2024-05-20T16:19:04","guid":{"rendered":"https:\/\/bettina.ddns.net\/?page_id=3"},"modified":"2025-01-09T11:22:30","modified_gmt":"2025-01-09T11:22:30","slug":"privacy-policy","status":"publish","type":"page","link":"https:\/\/bettinaschneebeli.com\/de\/privacy-policy\/","title":{"rendered":"IMPRINT AND PRIVACY"},"content":{"rendered":"<p class=\"wp-block-paragraph\"><\/p>\n\n\n\n<p class=\"wp-block-paragraph\"><\/p>\n\n\n\n<p class=\"wp-block-paragraph\"><\/p>\n\n\n<style>.kb-row-layout-id3_4eed24-84 > .kt-row-column-wrap{align-content:start;}:where(.kb-row-layout-id3_4eed24-84 > .kt-row-column-wrap) > .wp-block-kadence-column{justify-content:start;}.kb-row-layout-id3_4eed24-84 > .kt-row-column-wrap{column-gap:var(--global-kb-gap-md, 2rem);row-gap:var(--global-kb-gap-md, 2rem);padding-top:var(--global-kb-spacing-sm, 1.5rem);padding-right:var(--global-kb-spacing-xxs, 0.5rem);padding-bottom:var(--global-kb-spacing-sm, 1.5rem);grid-template-columns:repeat(2, minmax(0, 1fr));}.kb-row-layout-id3_4eed24-84 > .kt-row-layout-overlay{opacity:0.30;}@media all and (max-width: 1024px){.kb-row-layout-id3_4eed24-84 > .kt-row-column-wrap{grid-template-columns:repeat(2, minmax(0, 1fr));}}@media all and (max-width: 767px){.kb-row-layout-id3_4eed24-84 > .kt-row-column-wrap{grid-template-columns:minmax(0, 1fr);}}<\/style><div class=\"kb-row-layout-wrap kb-row-layout-id3_4eed24-84 alignnone wp-block-kadence-rowlayout\"><div class=\"kt-row-column-wrap kt-has-2-columns kt-row-layout-equal kt-tab-layout-inherit kt-mobile-layout-row kt-row-valign-top\">\n<style>.kadence-column3_d90e51-66 > .kt-inside-inner-col,.kadence-column3_d90e51-66 > .kt-inside-inner-col:before{border-top-left-radius:0px;border-top-right-radius:0px;border-bottom-right-radius:0px;border-bottom-left-radius:0px;}.kadence-column3_d90e51-66 > .kt-inside-inner-col{column-gap:var(--global-kb-gap-sm, 1rem);}.kadence-column3_d90e51-66 > .kt-inside-inner-col{flex-direction:column;}.kadence-column3_d90e51-66 > .kt-inside-inner-col > .aligncenter{width:100%;}.kadence-column3_d90e51-66 > .kt-inside-inner-col:before{opacity:0.3;}.kadence-column3_d90e51-66{position:relative;}.kadence-column3_d90e51-66, .kt-inside-inner-col > .kadence-column3_d90e51-66:not(.specificity){margin-left:var(--global-kb-spacing-md, 2rem);}@media all and (max-width: 1024px){.kadence-column3_d90e51-66 > .kt-inside-inner-col{flex-direction:column;justify-content:center;}}@media all and (max-width: 767px){.kadence-column3_d90e51-66 > .kt-inside-inner-col{flex-direction:column;justify-content:center;}}<\/style>\n<div class=\"wp-block-kadence-column kadence-column3_d90e51-66\"><div class=\"kt-inside-inner-col\">\n<p class=\"wp-block-paragraph\"><\/p>\n\n\n\n<p class=\"wp-block-paragraph\"><\/p>\n\n\n\n<h2 class=\"wp-block-heading\">IMPRINT<\/h2>\n\n\n\n<p class=\"wp-block-paragraph\">Terms and Conditions<\/p>\n\n\n\n<p class=\"wp-block-paragraph\">Despite exercising careful control,  Bettina Schneebeli hereby expressly dissociates itself from the contents of all linked or connected pages that have been modified since the link was established. This statement applies to all links and references. For any illegal, inaccurate or incomplete contents, and especially for damages arising from the use or non-use of such forms of presented information, liability is borne solely by the provider of the page in question, not by the party merely referring via links to the respective publication.<\/p>\n\n\n\n<p class=\"wp-block-paragraph\">Bettina Schneebeli endeavours to respect the copyright of the graphics, sound documents, video sequence and texts it utilizes.<\/p>\n\n\n\n<p class=\"wp-block-paragraph\">Bettina Schneebeli expressly reserves the right, without prior announcement, to change, augment or cancel portions of pages, or to discontinue its publication temporarily or permanently.<\/p>\n\n\n\n<p class=\"wp-block-paragraph\">Contact by mail:<\/p>\n\n\n\n<p class=\"wp-block-paragraph\"><a href=\"mailto:juanpabloconsoli@hotmail.com\" rel=\"nofollow\">juanpabloconsoli@hotmail.co<\/a><a href=\"mailto:juanpabloconsoli@hotmail.com\">m<\/a><\/p>\n<\/div><\/div>\n\n\n<style>.kadence-column3_068b20-92 > .kt-inside-inner-col,.kadence-column3_068b20-92 > .kt-inside-inner-col:before{border-top-left-radius:0px;border-top-right-radius:0px;border-bottom-right-radius:0px;border-bottom-left-radius:0px;}.kadence-column3_068b20-92 > .kt-inside-inner-col{column-gap:var(--global-kb-gap-sm, 1rem);}.kadence-column3_068b20-92 > .kt-inside-inner-col{flex-direction:column;}.kadence-column3_068b20-92 > .kt-inside-inner-col > .aligncenter{width:100%;}.kadence-column3_068b20-92 > .kt-inside-inner-col:before{opacity:0.3;}.kadence-column3_068b20-92{position:relative;}@media all and (max-width: 1024px){.kadence-column3_068b20-92 > .kt-inside-inner-col{flex-direction:column;justify-content:center;}}@media all and (max-width: 767px){.kadence-column3_068b20-92 > .kt-inside-inner-col{flex-direction:column;justify-content:center;}}<\/style>\n<div class=\"wp-block-kadence-column kadence-column3_068b20-92\"><div class=\"kt-inside-inner-col\"><style>.wp-block-kadence-advancedheading.kt-adv-heading3_2b80d9-d3, .wp-block-kadence-advancedheading.kt-adv-heading3_2b80d9-d3[data-kb-block=\"kb-adv-heading3_2b80d9-d3\"]{font-size:var(--global-kb-font-size-lg, 2rem);font-style:normal;}.wp-block-kadence-advancedheading.kt-adv-heading3_2b80d9-d3 mark.kt-highlight, .wp-block-kadence-advancedheading.kt-adv-heading3_2b80d9-d3[data-kb-block=\"kb-adv-heading3_2b80d9-d3\"] mark.kt-highlight{font-style:normal;color:#f76a0c;-webkit-box-decoration-break:clone;box-decoration-break:clone;padding-top:0px;padding-right:0px;padding-bottom:0px;padding-left:0px;}.wp-block-kadence-advancedheading.kt-adv-heading3_2b80d9-d3 img.kb-inline-image, .wp-block-kadence-advancedheading.kt-adv-heading3_2b80d9-d3[data-kb-block=\"kb-adv-heading3_2b80d9-d3\"] img.kb-inline-image{width:150px;vertical-align:baseline;}<\/style>\n<p class=\"kt-adv-heading3_2b80d9-d3 wp-block-kadence-advancedheading\" data-kb-block=\"kb-adv-heading3_2b80d9-d3\"><\/p>\n\n\n\n<p class=\"wp-block-paragraph\"><\/p>\n\n\n\n<p class=\"wp-block-paragraph\"><\/p>\n\n\n\n<h1 class=\"wp-block-heading\">Privacy                                                                         Data protection<\/h1>\n\n\n\n<p class=\"wp-block-paragraph\">As of: 28 May 2024<\/p>\n\n\n\n<h2 class=\"wp-block-heading\">Table of contents<\/h2>\n\n\n\n<ul class=\"wp-block-list\">\n<li><a href=\"#m3\">Responsible<\/a><\/li>\n\n\n\n<li><a href=\"#mOverview\">Overview of processing<\/a><\/li>\n\n\n\n<li><a href=\"#m2427\">Relevant legal bases<\/a><\/li>\n\n\n\n<li><a href=\"#m27\">Safety measures<\/a><\/li>\n\n\n\n<li><a href=\"#m25\">Transmission of personal data<\/a><\/li>\n\n\n\n<li><a href=\"#m24\">International data transfers<\/a><\/li>\n\n\n\n<li><a href=\"#m12\">General information on data storage and deletion<\/a><\/li>\n\n\n\n<li><a href=\"#m225\">Provision of the online offer and web hosting<\/a><\/li>\n\n\n\n<li><a href=\"#m134\">Use of cookies<\/a><\/li>\n\n\n\n<li><a href=\"#m182\">Contact and inquiry management<\/a><\/li>\n\n\n\n<li><a href=\"#m263\">Web analysis, monitoring and optimization<\/a><\/li>\n<\/ul>\n\n\n\n<h2 class=\"wp-block-heading\" id=\"m3\">Responsible<\/h2>\n\n\n\n<p class=\"wp-block-paragraph\">Juan Pablo,  Consoli Company<br>Weierstrasse 16, 5313 , Klingnau, Switzerland<\/p>\n\n\n\n<p class=\"wp-block-paragraph\">Email address: <a href=\"\/de\/mailtojuanpabloconsoli@hotmail.com\/\" rel=\"nofollow\">juanpabloconsoli@hotmail.com<\/a><\/p>\n\n\n\n<h2 class=\"wp-block-heading\" id=\"m2427\">Relevant legal bases<\/h2>\n\n\n\n<p class=\"wp-block-paragraph\"><strong>Relevant legal bases under the Swiss Data Protection Act:<\/strong> If you are located in Switzerland, we process your data on the basis of the Federal Data Protection Act (in short &#8220;Swiss DSG&#8221;). Unlike the GDPR, for example, the Swiss DSG does not generally stipulate that a legal basis for the processing of personal data must be stated and that the processing of personal data is carried out in good faith, is lawful and proportionate (Art. 6 Para. 1 and 2 of the Swiss DSG). In addition, we only obtain personal data for a specific purpose that is recognizable to the person concerned and only process it in a way that is compatible with this purpose (Art. 6 Para. 3 of the Swiss DSG).<\/p>\n\n\n\n<h2 class=\"wp-block-heading\" id=\"mOverview\">Overview of processing<\/h2>\n\n\n\n<p class=\"wp-block-paragraph\">The following overview summarises the types of data processed and the purposes of their processing and refers to the persons concerned.<\/p>\n\n\n\n<h3 class=\"wp-block-heading\">Types of data processed<\/h3>\n\n\n\n<ul class=\"wp-block-list\">\n<li>Inventory data.<\/li>\n\n\n\n<li>Employee data.<\/li>\n\n\n\n<li>Contact details.<\/li>\n\n\n\n<li>Content data.<\/li>\n\n\n\n<li>Usage data.<\/li>\n\n\n\n<li>Meta, communication and procedural data.<\/li>\n\n\n\n<li>Log data.<\/li>\n<\/ul>\n\n\n\n<h3 class=\"wp-block-heading\">Categories of data subjects<\/h3>\n\n\n\n<ul class=\"wp-block-list\">\n<li>Employees.<\/li>\n\n\n\n<li>communication partner.<\/li>\n\n\n\n<li>users.<\/li>\n<\/ul>\n\n\n\n<h3 class=\"wp-block-heading\">Purposes of processing<\/h3>\n\n\n\n<ul class=\"wp-block-list\">\n<li>Communication.<\/li>\n\n\n\n<li>Safety measures.<\/li>\n\n\n\n<li>Reach measurement.<\/li>\n\n\n\n<li>Organisational and administrative procedures.<\/li>\n\n\n\n<li>Feedback.<\/li>\n\n\n\n<li>Profiles with user-related information.<\/li>\n\n\n\n<li>Provision of our online offering and user-friendliness.<\/li>\n\n\n\n<li>Establishment and implementation of employment relationships.<\/li>\n\n\n\n<li>Information technology infrastructure.<\/li>\n\n\n\n<li>Business processes and business procedures.<\/li>\n<\/ul>\n\n\n\n<h2 class=\"wp-block-heading\" id=\"m27\">Safety measures<\/h2>\n\n\n\n<p class=\"wp-block-paragraph\">In accordance with the legal requirements, taking into account the state of the art, the implementation costs and the nature, scope, circumstances and purposes of the processing as well as the different probabilities of occurrence and the extent of the threat to the rights and freedoms of natural persons, we take appropriate technical and organizational measures to ensure a level of protection appropriate to the risk.<\/p>\n\n\n\n<p class=\"wp-block-paragraph\">The measures include in particular ensuring the confidentiality, integrity and availability of data by controlling physical and electronic access to the data as well as access to it, input, transfer, ensuring availability and separation. Furthermore, we have set up procedures that ensure the exercise of data subject rights, the deletion of data and reactions to data threats. Furthermore, we take the protection of personal data into account when developing or selecting hardware, software and processes in accordance with the principle of data protection, through technology design and through data protection-friendly default settings.<\/p>\n\n\n\n<h2 class=\"wp-block-heading\" id=\"m25\">Transmission of personal data<\/h2>\n\n\n\n<p class=\"wp-block-paragraph\">As part of our processing of personal data, it may happen that these are transmitted to or disclosed to other bodies, companies, legally independent organizational units or persons. The recipients of this data may include, for example, service providers commissioned with IT tasks or providers of services and content that are integrated into a website. In such cases, we comply with the legal requirements and, in particular, conclude appropriate contracts or agreements with the recipients of your data that serve to protect your data.<\/p>\n\n\n\n<h2 class=\"wp-block-heading\" id=\"m24\">International data transfers<\/h2>\n\n\n\n<p class=\"wp-block-paragraph\">Disclosure of personal data abroad: In accordance with the Swiss Data Protection Act, we only disclose personal data abroad if adequate protection of the data subjects is guaranteed (Art. 16 Swiss Data Protection Act). If the Federal Council has not determined adequate protection (list: <a href=\"https:\/\/www.bj.admin.ch\/bj\/de\/home\/staat\/datenschutz\/internationales\/anerkennung-staaten.html\" target=\"_blank\" rel=\"noreferrer noopener\">https:\/\/www.bj.admin.ch\/bj\/de\/home\/staat\/datenschutz\/internationales\/anerkennung-staaten.html<\/a> ), we take alternative security measures. These may include international treaties, specific guarantees, data protection clauses in contracts, standard data protection clauses approved by the Federal Data Protection and Information Commissioner (FDPIC) or internal company data protection regulations approved in advance by the FDPIC or a competent data protection authority in another country.<\/p>\n\n\n\n<p class=\"wp-block-paragraph\">According to Article 16 of the Swiss Data Protection Act, exceptions to the disclosure of data abroad may be permitted if certain conditions are met, including the consent of the data subject, contract execution, public interest, protection of life or physical integrity, data made public or data from a legally provided register. These disclosures are always made in accordance with the legal requirements.<\/p>\n\n\n\n<h2 class=\"wp-block-heading\" id=\"m12\">General information on data storage and deletion<\/h2>\n\n\n\n<p class=\"wp-block-paragraph\">We delete personal data that we process in accordance with the statutory provisions as soon as the underlying consent is revoked or there are no further legal bases for the processing. This applies to cases in which the original processing purpose no longer applies or the data is no longer required. Exceptions to this rule exist if legal obligations or special interests require the data to be stored or archived for a longer period.<\/p>\n\n\n\n<p class=\"wp-block-paragraph\">In particular, data that must be retained for commercial or tax law reasons or whose storage is necessary for legal proceedings or to protect the rights of other natural or legal persons must be archived accordingly.<\/p>\n\n\n\n<p class=\"wp-block-paragraph\">Our privacy policy contains additional information on the retention and deletion of data that applies specifically to certain processing operations.<\/p>\n\n\n\n<p class=\"wp-block-paragraph\">If there are several specifications regarding the retention period or deletion period for a date, the longest period always applies.<\/p>\n\n\n\n<p class=\"wp-block-paragraph\">If a period does not expressly begin on a specific date and is at least one year, it automatically begins at the end of the calendar year in which the event triggering the period occurred. In the case of ongoing contractual relationships in the context of which data is stored, the event triggering the period is the time at which the termination or other termination of the legal relationship takes effect.<\/p>\n\n\n\n<p class=\"wp-block-paragraph\">We process data that is no longer stored for the originally intended purpose but due to legal requirements or other reasons, only for the reasons that justify its storage.<\/p>\n\n\n\n<p class=\"wp-block-paragraph\"><strong>Further information on processing procedures, methods and services:<\/strong><\/p>\n\n\n\n<ul class=\"wp-block-list\">\n<li><strong>Retention and deletion of data:<\/strong> The following general periods apply to retention and archiving under Swiss law:\n<ul class=\"wp-block-list\">\n<li>10 years &#8211; retention period for books and records, annual financial statements, inventories, management reports, opening balance sheets, accounting documents and invoices as well as all necessary work instructions and other organizational documents (Art. 958f of the Swiss Code of Obligations (OR)).<\/li>\n\n\n\n<li>10 Jahre &#8211; Daten, die zur Ber\u00fccksichtigung potenzieller Schadenersatzanspr\u00fcche oder \u00e4hnlicher vertraglicher Anspr\u00fcche und Rechte notwendig sind, sowie f\u00fcr die Bearbeitung damit verbundener Anfragen, basierend auf fr\u00fcheren Gesch\u00e4ftserfahrungen und den \u00fcblichen Branchenpraktiken, werden f\u00fcr den Zeitraum der gesetzlichen Verj\u00e4hrungsfrist von zehn Jahren gespeichert, es sei denn, eine k\u00fcrzere Frist von f\u00fcnf Jahren ist ma\u00dfgeblich, die in bestimmten F\u00e4llen einschl\u00e4gig ist (Art. 127, 130 OR). Mit Ablauf von f\u00fcnf Jahren verj\u00e4hren die Forderungen f\u00fcr Miet-, Pacht- und Kapitalzinse sowie andere periodische Leistungen, aus Lieferung von Lebensmitteln, f\u00fcr Bek\u00f6stigung und f\u00fcr Wirtsschulden, sowie aus Handwerksarbeit, Kleinverkauf von Waren, \u00e4rztlicher Besorgung, Berufsarbeiten von Anw\u00e4lten, Rechtsagenten, Prokuratoren und Notaren und aus dem Arbeitsverh\u00e4ltnis von Arbeitnehmern (Art. 128 OR).<\/li>\n<\/ul>\n<\/li>\n<\/ul>\n\n\n\n<h2 class=\"wp-block-heading\" id=\"m225\">Bereitstellung des Onlineangebots und Webhosting<\/h2>\n\n\n\n<p class=\"wp-block-paragraph\">Wir verarbeiten die Daten der Nutzer, um ihnen unsere Online-Dienste zur Verf\u00fcgung stellen zu k\u00f6nnen. Zu diesem Zweck verarbeiten wir die IP-Adresse des Nutzers, die notwendig ist, um die Inhalte und Funktionen unserer Online-Dienste an den Browser oder das Endger\u00e4t der Nutzer zu \u00fcbermitteln.<\/p>\n\n\n\n<ul class=\"wp-block-list\">\n<li><strong>Verarbeitete Datenarten:<\/strong> Nutzungsdaten (z. B. Seitenaufrufe und Verweildauer, Klickpfade, Nutzungsintensit\u00e4t und -frequenz, verwendete Ger\u00e4tetypen und Betriebssysteme, Interaktionen mit Inhalten und Funktionen); Meta-, Kommunikations- und Verfahrensdaten (z. B. IP-Adressen, Zeitangaben, Identifikationsnummern, beteiligte Personen). Protokolldaten (z.&nbsp;B. Logfiles betreffend Logins oder den Abruf von Daten oder Zugriffszeiten.).<\/li>\n\n\n\n<li><strong>Betroffene Personen:<\/strong> Nutzer (z.&nbsp;B. Webseitenbesucher, Nutzer von Onlinediensten).<\/li>\n\n\n\n<li><strong>Zwecke der Verarbeitung:<\/strong> Bereitstellung unseres Onlineangebotes und Nutzerfreundlichkeit; Informationstechnische Infrastruktur (Betrieb und Bereitstellung von Informationssystemen und technischen Ger\u00e4ten (Computer, Server etc.).). Sicherheitsma\u00dfnahmen.<\/li>\n\n\n\n<li><strong>Aufbewahrung und L\u00f6schung:<\/strong> L\u00f6schung entsprechend Angaben im Abschnitt &#8220;Allgemeine Informationen zur Datenspeicherung und L\u00f6schung&#8221;.<\/li>\n\n\n\n<li><strong>Rechtsgrundlagen:<\/strong> Berechtigte Interessen (Art. 6 Abs. 1 S. 1 lit. f) DSGVO).<\/li>\n<\/ul>\n\n\n\n<p class=\"wp-block-paragraph\"><strong>Weitere Hinweise zu Verarbeitungsprozessen, Verfahren und Diensten:<\/strong><\/p>\n\n\n\n<ul class=\"wp-block-list\">\n<li><strong>Erhebung von Zugriffsdaten und Logfiles: <\/strong>Der Zugriff auf unser Onlineangebot wird in Form von sogenannten &#8220;Server-Logfiles&#8221; protokolliert. Zu den Serverlogfiles k\u00f6nnen die Adresse und der Name der abgerufenen Webseiten und Dateien, Datum und Uhrzeit des Abrufs, \u00fcbertragene Datenmengen, Meldung \u00fcber erfolgreichen Abruf, Browsertyp nebst Version, das Betriebssystem des Nutzers, Referrer URL (die zuvor besuchte Seite) und im Regelfall IP-Adressen und der anfragende Provider geh\u00f6ren. Die Serverlogfiles k\u00f6nnen zum einen zu Sicherheitszwecken eingesetzt werden, z.&nbsp;B. um eine \u00dcberlastung der Server zu vermeiden (insbesondere im Fall von missbr\u00e4uchlichen Angriffen, sogenannten DDoS-Attacken), und zum anderen, um die Auslastung der Server und ihre Stabilit\u00e4t sicherzustellen; <strong>Rechtsgrundlagen:<\/strong> Berechtigte Interessen (Art. 6 Abs. 1 S. 1 lit. f) DSGVO). <strong>L\u00f6schung von Daten:<\/strong> Logfile-Informationen werden f\u00fcr die Dauer von maximal 30 Tagen gespeichert und danach gel\u00f6scht oder anonymisiert. Daten, deren weitere Aufbewahrung zu Beweiszwecken erforderlich ist, sind bis zur endg\u00fcltigen Kl\u00e4rung des jeweiligen Vorfalls von der L\u00f6schung ausgenommen.<\/li>\n<\/ul>\n\n\n\n<h2 class=\"wp-block-heading\" id=\"m134\">Einsatz von Cookies<\/h2>\n\n\n\n<p class=\"wp-block-paragraph\">Cookies sind kleine Textdateien bzw. sonstige Speichervermerke, die Informationen auf Endger\u00e4ten speichern und aus ihnen auslesen. Zum Beispiel, um den Log-in-Status in einem Nutzerkonto, einen Warenkorbinhalt in einem E-Shop, die aufgerufenen Inhalte oder verwendete Funktionen eines Onlineangebots zu speichern. Cookies k\u00f6nnen ferner in Bezug auf unterschiedliche Anliegen Einsatz finden, etwa zu Zwecken der Funktionsf\u00e4higkeit, der Sicherheit und des Komforts von Onlineangeboten sowie der Erstellung von Analysen der Besucherstr\u00f6me.<\/p>\n\n\n\n<p class=\"wp-block-paragraph\"><strong>Hinweise zur Einwilligung:&nbsp;<\/strong>Wir setzen Cookies im Einklang mit den gesetzlichen Vorschriften ein. Daher holen wir von den Nutzern eine vorhergehende Einwilligung ein, es sei denn, sie ist laut Gesetzeslage nicht gefordert. Eine Erlaubnis ist insbesondere nicht notwendig, wenn das Speichern und das Auslesen der Informationen, also auch von Cookies, unbedingt erforderlich sind, um den Nutzern einen von ihnen ausdr\u00fccklich gew\u00fcnschten Telemediendienst (also unser Onlineangebot) zur Verf\u00fcgung zu stellen. Die widerrufliche Einwilligung wird ihnen gegen\u00fcber deutlich kommuniziert und enth\u00e4lt die Informationen zur jeweiligen Cookie-Nutzung.<\/p>\n\n\n\n<p class=\"wp-block-paragraph\"><strong>Hinweise zu datenschutzrechtlichen Rechtsgrundlagen:&nbsp;<\/strong>Auf welcher datenschutzrechtlichen Grundlage wir die personenbezogenen Daten der Nutzer mithilfe von Cookies verarbeiten, h\u00e4ngt davon ab, ob wir sie um eine Einwilligung bitten. Falls die Nutzer akzeptieren, ist die Rechtsgrundlage der Verwertung ihrer Daten die erkl\u00e4rte Einwilligung. Andernfalls werden die mithilfe von Cookies verwerteten Daten auf Grundlage unserer berechtigten Interessen (z.&nbsp;B. an einem betriebswirtschaftlichen Betrieb unseres Onlineangebots und der Verbesserung seiner Nutzbarkeit) verarbeitet oder, falls dies im Rahmen der Erf\u00fcllung unserer vertraglichen Pflichten erfolgt, wenn der Einsatz von Cookies erforderlich ist, um unseren vertraglichen Verpflichtungen nachzukommen. Zu welchen Zwecken die Cookies von uns verwertet werden, dar\u00fcber kl\u00e4ren wir im Laufe dieser Datenschutzerkl\u00e4rung oder im Rahmen von unseren Einwilligungs- und Verarbeitungsprozessen auf.<\/p>\n\n\n\n<p class=\"wp-block-paragraph\"><strong>Speicherdauer:&nbsp;<\/strong>Im Hinblick auf die Speicherdauer werden die folgenden Arten von Cookies unterschieden:<\/p>\n\n\n\n<ul class=\"wp-block-list\">\n<li><strong>Tempor\u00e4re Cookies (auch: Session- oder Sitzungscookies):<\/strong> Tempor\u00e4re Cookies werden sp\u00e4testens gel\u00f6scht, nachdem ein Nutzer ein Onlineangebot verlassen und sein Endger\u00e4t (z.&nbsp;B. Browser oder mobile Applikation) geschlossen hat.<\/li>\n\n\n\n<li><strong>Permanente Cookies:<\/strong> Permanente Cookies bleiben auch nach dem Schlie\u00dfen des Endger\u00e4ts gespeichert. So k\u00f6nnen beispielsweise der Log-in-Status gespeichert und bevorzugte Inhalte direkt angezeigt werden, wenn der Nutzer eine Website erneut besucht. Ebenso k\u00f6nnen die mithilfe von Cookies erhobenen Nutzerdaten zur Reichweitenmessung Verwendung finden. Sofern wir Nutzern keine expliziten Angaben zur Art und Speicherdauer von Cookies mitteilen (z.&nbsp;B. im Rahmen der Einholung der Einwilligung), sollten sie davon ausgehen, dass diese permanent sind und die Speicherdauer bis zu zwei Jahre betragen kann.<\/li>\n<\/ul>\n\n\n\n<p class=\"wp-block-paragraph\"><strong>Allgemeine Hinweise zum Widerruf und Widerspruch (Opt-out):&nbsp;<\/strong>Nutzer k\u00f6nnen die von ihnen abgegebenen Einwilligungen jederzeit widerrufen und zudem einen Widerspruch gegen die Verarbeitung entsprechend den gesetzlichen Vorgaben, auch mittels der Privatsph\u00e4re-Einstellungen ihres Browsers, erkl\u00e4ren.<\/p>\n\n\n\n<ul class=\"wp-block-list\">\n<li><strong>Verarbeitete Datenarten:<\/strong> Meta-, Kommunikations- und Verfahrensdaten (z. B. IP-Adressen, Zeitangaben, Identifikationsnummern, beteiligte Personen).<\/li>\n\n\n\n<li><strong>Betroffene Personen:<\/strong> Nutzer (z.&nbsp;B. Webseitenbesucher, Nutzer von Onlinediensten).<\/li>\n\n\n\n<li><strong>Rechtsgrundlagen:<\/strong> Berechtigte Interessen (Art. 6 Abs. 1 S. 1 lit. f) DSGVO). Einwilligung (Art. 6 Abs. 1 S. 1 lit. a) DSGVO).<\/li>\n<\/ul>\n\n\n\n<p class=\"wp-block-paragraph\"><strong>Weitere Hinweise zu Verarbeitungsprozessen, Verfahren und Diensten:<\/strong><\/p>\n\n\n\n<ul class=\"wp-block-list\">\n<li><strong>Verarbeitung von Cookie-Daten auf Grundlage einer Einwilligung: <\/strong>Wir setzen eine Einwilligungs-Management-L\u00f6sung ein, bei der die Einwilligung der Nutzer zur Verwendung von Cookies oder zu den im Rahmen der Einwilligungs-Management-L\u00f6sung genannten Verfahren und Anbietern eingeholt wird. Dieses Verfahren dient der Einholung, Protokollierung, Verwaltung und dem Widerruf von Einwilligungen, insbesondere bezogen auf den Einsatz von Cookies und vergleichbaren Technologien, die zur Speicherung, zum Auslesen und zur Verarbeitung von Informationen auf den Endger\u00e4ten der Nutzer eingesetzt werden. Im Rahmen dieses Verfahrens werden die Einwilligungen der Nutzer f\u00fcr die Nutzung von Cookies und die damit verbundenen Verarbeitungen von Informationen, einschlie\u00dflich der im Einwilligungs-Management-Verfahren genannten spezifischen Verarbeitungen und Anbieter, eingeholt. Die Nutzer haben zudem die M\u00f6glichkeit, ihre Einwilligungen zu verwalten und zu widerrufen. Die Einwilligungserkl\u00e4rungen werden gespeichert, um eine erneute Abfrage zu vermeiden und den Nachweis der Einwilligung gem\u00e4\u00df der gesetzlichen Anforderungen f\u00fchren zu k\u00f6nnen. Die Speicherung erfolgt serverseitig und\/oder in einem Cookie (sogenanntes Opt-In-Cookie) oder mittels vergleichbarer Technologien, um die Einwilligung einem spezifischen Nutzer oder dessen Ger\u00e4t zuordnen zu k\u00f6nnen. Sofern keine spezifischen Angaben zu den Anbietern von Einwilligungs-Management-Diensten vorliegen, gelten folgende allgemeine Hinweise: Die Dauer der Speicherung der Einwilligung betr\u00e4gt bis zu zwei Jahre. Dabei wird ein pseudonymer Nutzer-Identifikator erstellt, der zusammen mit dem Zeitpunkt der Einwilligung, den Angaben zum Umfang der Einwilligung (z.&nbsp;B. betreffende Kategorien von Cookies und\/oder Diensteanbieter) sowie Informationen \u00fcber den Browser, das System und das verwendete Endger\u00e4t gespeichert wird; <strong>Rechtsgrundlagen:<\/strong> Einwilligung (Art. 6 Abs. 1 S. 1 lit. a) DSGVO).<\/li>\n<\/ul>\n\n\n\n<h2 class=\"wp-block-heading\" id=\"m182\">Kontakt- und Anfrageverwaltung<\/h2>\n\n\n\n<p class=\"wp-block-paragraph\">Bei der Kontaktaufnahme mit uns (z.&nbsp;B. per Post, Kontaktformular, E-Mail, Telefon oder via soziale Medien) sowie im Rahmen bestehender Nutzer- und Gesch\u00e4ftsbeziehungen werden die Angaben der anfragenden Personen verarbeitet, soweit dies zur Beantwortung der Kontaktanfragen und etwaiger angefragter Ma\u00dfnahmen erforderlich ist.<\/p>\n\n\n\n<ul class=\"wp-block-list\">\n<li><strong>Verarbeitete Datenarten:<\/strong> Bestandsdaten (z.&nbsp;B. der vollst\u00e4ndige Name, Wohnadresse, Kontaktinformationen, Kundennummer, etc.); Kontaktdaten (z.&nbsp;B. Post- und E-Mail-Adressen oder Telefonnummern); Inhaltsdaten (z. B. textliche oder bildliche Nachrichten und Beitr\u00e4ge sowie die sie betreffenden Informationen, wie z. B. Angaben zur Autorenschaft oder Zeitpunkt der Erstellung); Nutzungsdaten (z. B. Seitenaufrufe und Verweildauer, Klickpfade, Nutzungsintensit\u00e4t und -frequenz, verwendete Ger\u00e4tetypen und Betriebssysteme, Interaktionen mit Inhalten und Funktionen). Meta-, Kommunikations- und Verfahrensdaten (z. B. IP-Adressen, Zeitangaben, Identifikationsnummern, beteiligte Personen).<\/li>\n\n\n\n<li><strong>Betroffene Personen:<\/strong> Kommunikationspartner.<\/li>\n\n\n\n<li><strong>Zwecke der Verarbeitung:<\/strong> Kommunikation; Organisations- und Verwaltungsverfahren; Feedback (z.&nbsp;B. Sammeln von Feedback via Online-Formular). Bereitstellung unseres Onlineangebotes und Nutzerfreundlichkeit.<\/li>\n\n\n\n<li><strong>Aufbewahrung und L\u00f6schung:<\/strong> L\u00f6schung entsprechend Angaben im Abschnitt &#8220;Allgemeine Informationen zur Datenspeicherung und L\u00f6schung&#8221;.<\/li>\n\n\n\n<li><strong>Rechtsgrundlagen:<\/strong> Berechtigte Interessen (Art. 6 Abs. 1 S. 1 lit. f) DSGVO). Vertragserf\u00fcllung und vorvertragliche Anfragen (Art. 6 Abs. 1 S. 1 lit. b) DSGVO).<\/li>\n<\/ul>\n\n\n\n<p class=\"wp-block-paragraph\"><strong>Weitere Hinweise zu Verarbeitungsprozessen, Verfahren und Diensten:<\/strong><\/p>\n\n\n\n<ul class=\"wp-block-list\">\n<li><strong>Kontaktformular: <\/strong>Bei Kontaktaufnahme \u00fcber unser Kontaktformular, per E-Mail oder anderen Kommunikationswegen, verarbeiten wir die uns \u00fcbermittelten personenbezogenen Daten zur Beantwortung und Bearbeitung des jeweiligen Anliegens. Dies umfasst in der Regel Angaben wie Name, Kontaktinformationen und gegebenenfalls weitere Informationen, die uns mitgeteilt werden und zur angemessenen Bearbeitung erforderlich sind. Wir nutzen diese Daten ausschlie\u00dflich f\u00fcr den angegebenen Zweck der Kontaktaufnahme und Kommunikation; <strong>Rechtsgrundlagen:<\/strong> Vertragserf\u00fcllung und vorvertragliche Anfragen (Art. 6 Abs. 1 S. 1 lit. b) DSGVO), Berechtigte Interessen (Art. 6 Abs. 1 S. 1 lit. f) DSGVO).<\/li>\n<\/ul>\n\n\n\n<h2 class=\"wp-block-heading\" id=\"m263\">Webanalyse, Monitoring und Optimierung<\/h2>\n\n\n\n<p class=\"wp-block-paragraph\">Die Webanalyse (auch als \u201eReichweitenmessung&#8221; bezeichnet) dient der Auswertung der Besucherstr\u00f6me unseres Onlineangebots und kann Verhalten, Interessen oder demografische Informationen zu den Besuchern, wie beispielsweise Alter oder Geschlecht, als pseudonyme Werte umfassen. Mithilfe der Reichweitenanalyse k\u00f6nnen wir zum Beispiel erkennen, zu welcher Zeit unser Onlineangebot oder dessen Funktionen beziehungsweise Inhalte am h\u00e4ufigsten genutzt werden, oder zur Wiederverwendung einladen. Ebenso ist es uns m\u00f6glich, nachzuvollziehen, welche Bereiche der Optimierung bed\u00fcrfen.<\/p>\n\n\n\n<p class=\"wp-block-paragraph\">Neben der Webanalyse k\u00f6nnen wir auch Testverfahren einsetzen, um etwa unterschiedliche Versionen unseres Onlineangebots oder seiner Bestandteile zu testen und zu optimieren.<\/p>\n\n\n\n<p class=\"wp-block-paragraph\">Sofern nachfolgend nicht anders angegeben, k\u00f6nnen zu diesen Zwecken Profile, also zu einem Nutzungsvorgang zusammengefasste Daten, angelegt und Informationen in einem Browser bzw. in einem Endger\u00e4t gespeichert und dann ausgelesen werden. Zu den erhobenen Angaben geh\u00f6ren insbesondere besuchte Websites und dort genutzte Elemente sowie technische Ausk\u00fcnfte, wie etwa der verwendete Browser, das benutzte Computersystem sowie Angaben zu Nutzungszeiten. Sofern sich Nutzer in die Erhebung ihrer Standortdaten uns gegen\u00fcber oder gegen\u00fcber den Anbietern der von uns eingesetzten Dienste einverstanden erkl\u00e4rt haben, ist auch die Verarbeitung von Standortdaten m\u00f6glich.<\/p>\n\n\n\n<p class=\"wp-block-paragraph\">Dar\u00fcber hinaus werden die IP-Adressen der Nutzer gespeichert. Jedoch nutzen wir ein IP-Masking-Verfahren (d. h. Pseudonymisierung durch K\u00fcrzung der IP-Adresse) zum Schutz der Nutzer. Generell werden die im Rahmen von Webanalyse, A\/B-Testings und Optimierung keine Klardaten der Nutzer (wie z.&nbsp;B. E-Mail-Adressen oder Namen) gespeichert, sondern Pseudonyme. Das hei\u00dft, wir als auch die Anbieter der eingesetzten Software kennen nicht die tats\u00e4chliche Identit\u00e4t der Nutzer, sondern nur die zum Zweck der jeweiligen Verfahren in deren Profilen gespeicherten Angaben.<\/p>\n\n\n\n<p class=\"wp-block-paragraph\">Hinweise zu Rechtsgrundlagen: Sofern wir die Nutzer um deren Einwilligung in den Einsatz der Drittanbieter bitten, stellt die Rechtsgrundlage der Datenverarbeitung die Einwilligung dar. Ansonsten werden die Nutzerdaten auf Grundlage unserer berechtigten Interessen (d. h. Interesse an effizienten, wirtschaftlichen und empf\u00e4ngerfreundlichen Leistungen) verarbeitet. In diesem Zusammenhang m\u00f6chten wir Sie auch auf die Informationen zur Verwendung von Cookies in dieser Datenschutzerkl\u00e4rung hinweisen.<\/p>\n\n\n\n<ul class=\"wp-block-list\">\n<li><strong>Verarbeitete Datenarten:<\/strong> Nutzungsdaten (z. B. Seitenaufrufe und Verweildauer, Klickpfade, Nutzungsintensit\u00e4t und -frequenz, verwendete Ger\u00e4tetypen und Betriebssysteme, Interaktionen mit Inhalten und Funktionen). Meta-, Kommunikations- und Verfahrensdaten (z. B. IP-Adressen, Zeitangaben, Identifikationsnummern, beteiligte Personen).<\/li>\n\n\n\n<li><strong>Betroffene Personen:<\/strong> Nutzer (z.&nbsp;B. Webseitenbesucher, Nutzer von Onlinediensten).<\/li>\n\n\n\n<li><strong>Zwecke der Verarbeitung:<\/strong> Reichweitenmessung (z.&nbsp;B. Zugriffsstatistiken, Erkennung wiederkehrender Besucher); Profile mit nutzerbezogenen Informationen (Erstellen von Nutzerprofilen). Bereitstellung unseres Onlineangebotes und Nutzerfreundlichkeit.<\/li>\n\n\n\n<li><strong>Aufbewahrung und L\u00f6schung:<\/strong> L\u00f6schung entsprechend Angaben im Abschnitt &#8220;Allgemeine Informationen zur Datenspeicherung und L\u00f6schung&#8221;. Speicherung von Cookies von bis zu 2 Jahren (Sofern nicht anders angegeben, k\u00f6nnen Cookies und \u00e4hnliche Speichermethoden f\u00fcr einen Zeitraum von zwei Jahren auf den Ger\u00e4ten der Nutzer gespeichert werden.).<\/li>\n\n\n\n<li><strong>Sicherheitsma\u00dfnahmen:<\/strong> IP-Masking (Pseudonymisierung der IP-Adresse).<\/li>\n\n\n\n<li><strong>Rechtsgrundlagen:<\/strong> Einwilligung (Art. 6 Abs. 1 S. 1 lit. a) DSGVO). Berechtigte Interessen (Art. 6 Abs. 1 S. 1 lit. f) DSGVO).<\/li>\n<\/ul>\n\n\n\n<p class=\"wp-block-paragraph\"><strong>Weitere Hinweise zu Verarbeitungsprozessen, Verfahren und Diensten:<\/strong><\/p>\n\n\n\n<ul class=\"wp-block-list\">\n<li><strong>Google Analytics: <\/strong>Wir verwenden Google Analytics zur Messung und Analyse der Nutzung unseres Onlineangebotes auf der Grundlage einer pseudonymen Nutzeridentifikationsnummer. Diese Identifikationsnummer enth\u00e4lt keine eindeutigen Daten, wie Namen oder E-Mail-Adressen. Sie dient dazu, Analyseinformationen einem Endger\u00e4t zuzuordnen, um zu erkennen, welche Inhalte die Nutzer innerhalb eines oder verschiedener Nutzungsvorg\u00e4nge aufgerufen haben, welche Suchbegriffe sie verwendet haben, diese erneut aufgerufen haben oder mit unserem Onlineangebot interagiert haben. Ebenso werden der Zeitpunkt der Nutzung und deren Dauer gespeichert, sowie die Quellen der Nutzer, die auf unser Onlineangebot verweisen und technische Aspekte ihrer Endger\u00e4te und Browser.<br>Dabei werden pseudonyme Profile von Nutzern mit Informationen aus der Nutzung verschiedener Ger\u00e4te erstellt, wobei Cookies eingesetzt werden k\u00f6nnen. Google Analytics protokolliert und speichert keine individuellen IP-Adressen f\u00fcr EU-Nutzer. Analytics stellt jedoch grobe geografische Standortdaten bereit, indem es die folgenden Metadaten von IP-Adressen ableitet: Stadt (und der abgeleitete Breiten- und L\u00e4ngengrad der Stadt), Kontinent, Land, Region, Subkontinent (und ID-basierte Gegenst\u00fccke). Beim EU-Datenverkehr werden die IP-Adressdaten ausschlie\u00dflich f\u00fcr diese Ableitung von Geolokalisierungsdaten verwendet, bevor sie sofort gel\u00f6scht werden. Sie werden nicht protokolliert, sind nicht zug\u00e4nglich und werden nicht f\u00fcr weitere Verwendungszwecke genutzt. Wenn Google Analytics Messdaten sammelt, werden alle IP-Abfragen auf EU-basierten Servern durchgef\u00fchrt, bevor der Verkehr zur Verarbeitung an Analytics-Server weitergeleitet wird; <strong>Dienstanbieter:<\/strong> Google Ireland Limited, Gordon House, Barrow Street, Dublin 4, Irland; <strong>Rechtsgrundlagen:<\/strong> Einwilligung (Art. 6 Abs. 1 S. 1 lit. a) DSGVO); <strong>Website:<\/strong> <a href=\"https:\/\/marketingplatform.google.com\/intl\/de\/about\/analytics\/\" target=\"_blank\" rel=\"noreferrer noopener\">https:\/\/marketingplatform.google.com\/intl\/de\/about\/analytics\/<\/a>; <strong>Sicherheitsma\u00dfnahmen:<\/strong> IP-Masking (Pseudonymisierung der IP-Adresse); <strong>Datenschutzerkl\u00e4rung:<\/strong> <a href=\"https:\/\/policies.google.com\/privacy\" target=\"_blank\" rel=\"noreferrer noopener\">https:\/\/policies.google.com\/privacy<\/a>; <strong>Auftragsverarbeitungsvertrag:<\/strong> <a href=\"https:\/\/business.safety.google\/adsprocessorterms\/\" target=\"_blank\" rel=\"noreferrer noopener\">https:\/\/business.safety.google\/adsprocessorterms\/<\/a>; <strong>Grundlage Drittlandtransfers:<\/strong> Angemessenheitsbeschluss (Irland); <strong>Widerspruchsm\u00f6glichkeit (Opt-Out):<\/strong> Opt-Out-Plugin: <a href=\"https:\/\/tools.google.com\/dlpage\/gaoptout?hl=de\" target=\"_blank\" rel=\"noreferrer noopener\">https:\/\/tools.google.com\/dlpage\/gaoptout?hl=de<\/a>, Einstellungen f\u00fcr die Darstellung von Werbeeinblendungen: <a href=\"https:\/\/myadcenter.google.com\/personalizationoff\" target=\"_blank\" rel=\"noreferrer noopener\">https:\/\/myadcenter.google.com\/personalizationoff<\/a>. <strong>Weitere Informationen:<\/strong> <a href=\"https:\/\/business.safety.google\/adsservices\/\" target=\"_blank\" rel=\"noreferrer noopener\">https:\/\/business.safety.google\/adsservices\/<\/a> (Arten der Verarbeitung sowie der verarbeiteten Daten).<\/li>\n\n\n\n<li><strong>Matomo: <\/strong>Bei Matomo handelt es sich um eine Software, die zu Zwecken der Webanalyse und Reichweitenmessung eingesetzt wird. Im Rahmen der Nutzung von Matomo werden Cookies erzeugt und auf dem Endger\u00e4t der Nutzer gespeichert. Die im Rahmen der Nutzung von Matomo erhobenen Daten der Nutzer werden nur von uns verarbeitet und nicht mit Dritten geteilt. Die Cookies werden f\u00fcr einen maximalen Zeitraum von 13 Monaten gespeichert: <a href=\"https:\/\/matomo.org\/faq\/general\/faq_146\/\" target=\"_blank\" rel=\"noreferrer noopener\">https:\/\/matomo.org\/faq\/general\/faq_146\/<\/a>; <strong>Rechtsgrundlagen:<\/strong> Einwilligung (Art. 6 Abs. 1 S. 1 lit. a) DSGVO). <strong>L\u00f6schung von Daten:<\/strong> Die Cookies haben eine Speicherdauer von maximal 13 Monaten.<\/li>\n<\/ul>\n\n\n\n<p class=\"wp-block-paragraph\"><a href=\"https:\/\/datenschutz-generator.de\/\" target=\"_blank\" rel=\"noreferrer noopener\">Erstellt mit kostenlosem Datenschutz-Generator.de von Dr. Thomas Schwenke<\/a><\/p>\n\n\n\n<p class=\"wp-block-paragraph\"><\/p>\n<\/div><\/div>\n\n<\/div><\/div>\n\n\n<h1 class=\"wp-block-heading\"><\/h1>","protected":false},"excerpt":{"rendered":"<p>IMPRINT Terms and Conditions Despite exercising careful control, Bettina Schneebeli hereby expressly dissociates itself from the contents of all linked or connected pages that have been modified since the link&#8230;<\/p>","protected":false},"author":1,"featured_media":0,"parent":0,"menu_order":0,"comment_status":"closed","ping_status":"open","template":"","meta":{"_EventAllDay":false,"_EventTimezone":"","_EventStartDate":"","_EventEndDate":"","_EventStartDateUTC":"","_EventEndDateUTC":"","_EventShowMap":false,"_EventShowMapLink":false,"_EventURL":"","_EventCost":"","_EventCostDescription":"","_EventCurrencySymbol":"","_EventCurrencyCode":"","_EventCurrencyPosition":"","_EventDateTimeSeparator":"","_EventTimeRangeSeparator":"","_EventOrganizerID":[],"_EventVenueID":[],"_OrganizerEmail":"","_OrganizerPhone":"","_OrganizerWebsite":"","_VenueAddress":"","_VenueCity":"","_VenueCountry":"","_VenueProvince":"","_VenueState":"","_VenueZip":"","_VenuePhone":"","_VenueURL":"","_VenueStateProvince":"","_VenueLat":"","_VenueLng":"","_VenueShowMap":false,"_VenueShowMapLink":false,"_kadence_starter_templates_imported_post":false,"_kad_post_transparent":"","_kad_post_title":"","_kad_post_layout":"","_kad_post_sidebar_id":"","_kad_post_content_style":"","_kad_post_vertical_padding":"","_kad_post_feature":"","_kad_post_feature_position":"","_kad_post_header":false,"_kad_post_footer":false,"footnotes":""},"class_list":["post-3","page","type-page","status-publish","hentry"],"yoast_head":"<!-- This site is optimized with the Yoast SEO plugin v22.7 - https:\/\/yoast.com\/wordpress\/plugins\/seo\/ -->\n<title>IMPRINT AND PRIVACY - Bettina Schneebeli<\/title>\n<meta name=\"robots\" content=\"index, follow, max-snippet:-1, max-image-preview:large, max-video-preview:-1\" \/>\n<link rel=\"canonical\" href=\"https:\/\/bettinaschneebeli.com\/de\/privacy-policy\/\" \/>\n<meta property=\"og:locale\" content=\"de_DE\" \/>\n<meta property=\"og:type\" content=\"article\" \/>\n<meta property=\"og:title\" content=\"IMPRINT AND PRIVACY - Bettina Schneebeli\" \/>\n<meta property=\"og:description\" content=\"IMPRINT Terms and Conditions Despite exercising careful control, Bettina Schneebeli hereby expressly dissociates itself from the contents of all linked or connected pages that have been modified since the link...\" \/>\n<meta property=\"og:url\" content=\"https:\/\/bettinaschneebeli.com\/de\/privacy-policy\/\" \/>\n<meta property=\"og:site_name\" content=\"Bettina Schneebeli\" \/>\n<meta property=\"article:modified_time\" content=\"2025-01-09T11:22:30+00:00\" \/>\n<meta name=\"twitter:card\" content=\"summary_large_image\" \/>\n<meta name=\"twitter:label1\" content=\"Gesch\u00e4tzte Lesezeit\" \/>\n\t<meta name=\"twitter:data1\" content=\"15\u00a0Minuten\" \/>\n<script type=\"application\/ld+json\" class=\"yoast-schema-graph\">{\"@context\":\"https:\/\/schema.org\",\"@graph\":[{\"@type\":\"WebPage\",\"@id\":\"https:\/\/bettinaschneebeli.com\/privacy-policy\/\",\"url\":\"https:\/\/bettinaschneebeli.com\/privacy-policy\/\",\"name\":\"IMPRINT AND PRIVACY - Bettina Schneebeli\",\"isPartOf\":{\"@id\":\"https:\/\/bettinaschneebeli.com\/#website\"},\"datePublished\":\"2024-05-20T16:19:04+00:00\",\"dateModified\":\"2025-01-09T11:22:30+00:00\",\"breadcrumb\":{\"@id\":\"https:\/\/bettinaschneebeli.com\/privacy-policy\/#breadcrumb\"},\"inLanguage\":\"de-CH\",\"potentialAction\":[{\"@type\":\"ReadAction\",\"target\":[\"https:\/\/bettinaschneebeli.com\/privacy-policy\/\"]}]},{\"@type\":\"BreadcrumbList\",\"@id\":\"https:\/\/bettinaschneebeli.com\/privacy-policy\/#breadcrumb\",\"itemListElement\":[{\"@type\":\"ListItem\",\"position\":1,\"name\":\"Home\",\"item\":\"https:\/\/bettinaschneebeli.com\/\"},{\"@type\":\"ListItem\",\"position\":2,\"name\":\"IMPRINT AND PRIVACY\"}]},{\"@type\":\"WebSite\",\"@id\":\"https:\/\/bettinaschneebeli.com\/#website\",\"url\":\"https:\/\/bettinaschneebeli.com\/\",\"name\":\"Bettina Schneebeli\",\"description\":\"\",\"publisher\":{\"@id\":\"https:\/\/bettinaschneebeli.com\/#organization\"},\"potentialAction\":[{\"@type\":\"SearchAction\",\"target\":{\"@type\":\"EntryPoint\",\"urlTemplate\":\"https:\/\/bettinaschneebeli.com\/?s={search_term_string}\"},\"query-input\":\"required name=search_term_string\"}],\"inLanguage\":\"de-CH\"},{\"@type\":\"Organization\",\"@id\":\"https:\/\/bettinaschneebeli.com\/#organization\",\"name\":\"Bettina Schneebeli\",\"url\":\"https:\/\/bettinaschneebeli.com\/\",\"logo\":{\"@type\":\"ImageObject\",\"inLanguage\":\"de-CH\",\"@id\":\"https:\/\/bettinaschneebeli.com\/#\/schema\/logo\/image\/\",\"url\":\"https:\/\/bettinaschneebeli.com\/wp-content\/uploads\/2024\/05\/cropped-cropped-Bettina-Logo-grau3a3b3c-rotgimp2.png\",\"contentUrl\":\"https:\/\/bettinaschneebeli.com\/wp-content\/uploads\/2024\/05\/cropped-cropped-Bettina-Logo-grau3a3b3c-rotgimp2.png\",\"width\":1454,\"height\":550,\"caption\":\"Bettina Schneebeli\"},\"image\":{\"@id\":\"https:\/\/bettinaschneebeli.com\/#\/schema\/logo\/image\/\"}}]}<\/script>\n<!-- \/ Yoast SEO plugin. -->","yoast_head_json":{"title":"IMPRINT AND PRIVACY - Bettina Schneebeli","robots":{"index":"index","follow":"follow","max-snippet":"max-snippet:-1","max-image-preview":"max-image-preview:large","max-video-preview":"max-video-preview:-1"},"canonical":"https:\/\/bettinaschneebeli.com\/de\/privacy-policy\/","og_locale":"de_DE","og_type":"article","og_title":"IMPRINT AND PRIVACY - Bettina Schneebeli","og_description":"IMPRINT Terms and Conditions Despite exercising careful control, Bettina Schneebeli hereby expressly dissociates itself from the contents of all linked or connected pages that have been modified since the link...","og_url":"https:\/\/bettinaschneebeli.com\/de\/privacy-policy\/","og_site_name":"Bettina Schneebeli","article_modified_time":"2025-01-09T11:22:30+00:00","twitter_card":"summary_large_image","twitter_misc":{"Gesch\u00e4tzte Lesezeit":"15\u00a0Minuten"},"schema":{"@context":"https:\/\/schema.org","@graph":[{"@type":"WebPage","@id":"https:\/\/bettinaschneebeli.com\/privacy-policy\/","url":"https:\/\/bettinaschneebeli.com\/privacy-policy\/","name":"IMPRINT AND PRIVACY - Bettina Schneebeli","isPartOf":{"@id":"https:\/\/bettinaschneebeli.com\/#website"},"datePublished":"2024-05-20T16:19:04+00:00","dateModified":"2025-01-09T11:22:30+00:00","breadcrumb":{"@id":"https:\/\/bettinaschneebeli.com\/privacy-policy\/#breadcrumb"},"inLanguage":"de-CH","potentialAction":[{"@type":"ReadAction","target":["https:\/\/bettinaschneebeli.com\/privacy-policy\/"]}]},{"@type":"BreadcrumbList","@id":"https:\/\/bettinaschneebeli.com\/privacy-policy\/#breadcrumb","itemListElement":[{"@type":"ListItem","position":1,"name":"Home","item":"https:\/\/bettinaschneebeli.com\/"},{"@type":"ListItem","position":2,"name":"IMPRINT AND PRIVACY"}]},{"@type":"WebSite","@id":"https:\/\/bettinaschneebeli.com\/#website","url":"https:\/\/bettinaschneebeli.com\/","name":"Bettina Schneebeli","description":"","publisher":{"@id":"https:\/\/bettinaschneebeli.com\/#organization"},"potentialAction":[{"@type":"SearchAction","target":{"@type":"EntryPoint","urlTemplate":"https:\/\/bettinaschneebeli.com\/?s={search_term_string}"},"query-input":"required name=search_term_string"}],"inLanguage":"de-CH"},{"@type":"Organization","@id":"https:\/\/bettinaschneebeli.com\/#organization","name":"Bettina Schneebeli","url":"https:\/\/bettinaschneebeli.com\/","logo":{"@type":"ImageObject","inLanguage":"de-CH","@id":"https:\/\/bettinaschneebeli.com\/#\/schema\/logo\/image\/","url":"https:\/\/bettinaschneebeli.com\/wp-content\/uploads\/2024\/05\/cropped-cropped-Bettina-Logo-grau3a3b3c-rotgimp2.png","contentUrl":"https:\/\/bettinaschneebeli.com\/wp-content\/uploads\/2024\/05\/cropped-cropped-Bettina-Logo-grau3a3b3c-rotgimp2.png","width":1454,"height":550,"caption":"Bettina Schneebeli"},"image":{"@id":"https:\/\/bettinaschneebeli.com\/#\/schema\/logo\/image\/"}}]}},"_links":{"self":[{"href":"https:\/\/bettinaschneebeli.com\/de\/wp-json\/wp\/v2\/pages\/3","targetHints":{"allow":["GET"]}}],"collection":[{"href":"https:\/\/bettinaschneebeli.com\/de\/wp-json\/wp\/v2\/pages"}],"about":[{"href":"https:\/\/bettinaschneebeli.com\/de\/wp-json\/wp\/v2\/types\/page"}],"author":[{"embeddable":true,"href":"https:\/\/bettinaschneebeli.com\/de\/wp-json\/wp\/v2\/users\/1"}],"replies":[{"embeddable":true,"href":"https:\/\/bettinaschneebeli.com\/de\/wp-json\/wp\/v2\/comments?post=3"}],"version-history":[{"count":7,"href":"https:\/\/bettinaschneebeli.com\/de\/wp-json\/wp\/v2\/pages\/3\/revisions"}],"predecessor-version":[{"id":733,"href":"https:\/\/bettinaschneebeli.com\/de\/wp-json\/wp\/v2\/pages\/3\/revisions\/733"}],"wp:attachment":[{"href":"https:\/\/bettinaschneebeli.com\/de\/wp-json\/wp\/v2\/media?parent=3"}],"curies":[{"name":"wp","href":"https:\/\/api.w.org\/{rel}","templated":true}]}}