{"id":212,"date":"2024-05-24T13:30:03","date_gmt":"2024-05-24T13:30:03","guid":{"rendered":"https:\/\/bettina.ddns.net\/?post_type=tribe_events&#038;p=212"},"modified":"2025-01-29T17:01:09","modified_gmt":"2025-01-29T17:01:09","slug":"le-dernier-sorcier","status":"publish","type":"tribe_events","link":"https:\/\/bettinaschneebeli.com\/de\/event\/le-dernier-sorcier\/","title":{"rendered":"Le Dernier Sorcier &#8211; Waldb\u00fchne Arosa"},"content":{"rendered":"<p class=\"wp-block-paragraph\"><\/p>\n\n\n\n<p class=\"wp-block-paragraph\"><\/p>\n\n\n\n<figure class=\"wp-block-image size-full\"><img loading=\"lazy\" decoding=\"async\" width=\"189\" height=\"267\" src=\"https:\/\/bettinaschneebeli.com\/wp-content\/uploads\/2024\/05\/dornieroipera.jpg\" alt=\"\" class=\"wp-image-214\"\/><\/figure>\n\n\n<div  class=\"tribe-events-schedule tribe-clearfix\" >\n\t<p class=\"tribe-events-schedule__datetime\">\n\t\t<span class=\"tribe-events-schedule__date tribe-events-schedule__date--start\">\n\t\t\tJuli 27, 2023\t\t<\/span>\n\n\t\t\t\t\t<span class=\"tribe-events-schedule__separator tribe-events-schedule__separator--date\">\n\t\t\t\t @ \t\t\t<\/span>\n\t\t\t<span class=\"tribe-events-schedule__time tribe-events-schedule__time--start\">\n\t\t\t\t6:30 p.m.\t\t\t<\/span>\n\t\t\n\t\t\t\t\t\t\t\t\t<span class=\"tribe-events-schedule__separator tribe-events-schedule__separator--time\">\n\t\t\t\t\t &#8211; \t\t\t\t<\/span>\n\t\t\t\n\t\t\t\t\t\t\t<span class=\"tribe-events-schedule__time tribe-events-schedule__time--end\">\n\t\t\t\t\t9:00 p.m.\t\t\t\t<\/span>\n\t\t\t\n\t\t\t\t\t\t<\/p>\n<\/div>\n\n\n\n<h4 class=\"wp-block-heading\"><strong>Vorstellungsdaten:<\/strong><\/h4>\n\n\n\n<h4 class=\"wp-block-heading\"><strong>Im Juli 2023<\/strong><\/h4>\n\n\n\n<p class=\"wp-block-paragraph\">Donnerstag, 27.07.2023, Waldb\u00fchne Arosa<\/p>\n\n\n\n<p class=\"wp-block-paragraph\">Samstag, 29.07.2023, Waldb\u00fchne Arosa<\/p>\n\n\n\n<p class=\"wp-block-paragraph\">Sonntag, 30.07.2023, Waldb\u00fchne Arosa<\/p>\n\n\n\n<h4 class=\"wp-block-heading\"><\/h4>\n\n\n\n<p class=\"wp-block-paragraph\">Musik von Pauline Viardot, Text von Iwan Turgenjew<\/p>\n\n\n\n<p class=\"wp-block-paragraph\">Gesungen auf Franz\u00f6sisch\/ gesprochen auf Deutsch<\/p>\n\n\n\n<p class=\"wp-block-paragraph\"><strong>S\u00e4nger:innen:<\/strong>&nbsp;Nicole Hitz (Stella), Bettina Schneebeli (Prinz Lelio), Rosina Zoppi (Elfenk\u00f6nigin), Fabrice Raviola (Krakamiche), Ruben Banzer (Perlimpinpin)<\/p>\n\n\n\n<p class=\"wp-block-paragraph\"><strong>Musiker:innen:<\/strong>&nbsp;Judith Polgar (Klavier), Lindsay Buffington (Harfe), David Gurtner (Percussion), Mario von Holten (Percussion)<\/p>\n\n\n\n<p class=\"wp-block-paragraph\"><strong>Tickets und Vorverkauf:<\/strong><\/p>\n\n\n\n<p class=\"wp-block-paragraph\"><strong>Waldb\u00fchne Arosa<\/strong>,\u00a0Seewaldstrasse, 7050 Arosa, Vorverkauf:\u00a0<a href=\"https:\/\/arosalenzerheide.swiss\/de\/Buchen-Tickets\/Aktivitaeten\/Le-dernier-sorcier_asd_13709038\">arosalenzerheide.swiss<\/a><\/p>\n\n\n\n<p class=\"wp-block-paragraph\"><\/p>\n\n\n<div  class=\"tribe-block tribe-block__event-price\" >\n\t\t\t<span class=\"tribe-block__event-price__cost\"> $30 <\/span>\n\t\t<\/div>\n\n\n\n\n<div  class=\"tribe-block tribe-block__venue tribe-clearfix tribe-block__venue--has-map\" >\n\t\n\t\n<div class=\"tribe-block__venue__meta\">\n\t<div class=\"tribe-block__venue__name\">\n\t\t<h3>Waldb\u00fchne Arosa<\/h3>\n\t<\/div>\n\n\t\n\t\t\t\t\t\t<address class=\"tribe-block__venue__address\">\n\t\t\t\t<span class=\"tribe-address\">\n\n<span class=\"tribe-street-address\">Seewaldstrasse<\/span>\n\t\n\t\t<br>\n\t\t<span class=\"tribe-locality\">Arosa<\/span><span class=\"tribe-delimiter\">,<\/span>\n\n\n\t<span class=\"tribe-postal-code\">7050<\/span>\n\n\t<span class=\"tribe-country-name\">Switzerland<\/span>\n\n<\/span>\n\n\t\t\t\t\t\t\t\t\t<a class=\"tribe-events-gmap\" href=\"https:\/\/maps.google.com\/maps?f=q&#038;source=s_q&#038;hl=en&#038;geocode=&#038;q=Seewaldstrasse+Arosa+7050+Switzerland\" title=\"Klicken, um Google Karte anzuzeigen\" target=\"_blank\" rel=\"noreferrer noopener\">Google Karte anzeigen<\/a>\t\t\t\t\t\t\t<\/address>\n\t\t\n\t\t\n\t\t\t\n\t<\/div>\n\t\n<div class=\"tribe-block__venue__map\">\n\t\n<iframe loading=\"lazy\"\n  title=\"iFrame mit Google Maps, der die Adresse von Waldb\u00fchne Arosa anzeigt\"\n  aria-label=\"Karte des Veranstaltungsorts\"\n  width=\"310px\"\n  height=\"256px\"\n  frameborder=\"0\" style=\"border:0\"\n  src=\"https:\/\/www.google.com\/maps\/embed\/v1\/place?key=AIzaSyDNsicAsP6-VuGtAb1O9riI3oc_NOb7IOU&#038;q=Seewaldstrasse+Arosa+7050+Switzerland+&#038;zoom=10\" allowfullscreen>\n<\/iframe>\n<\/div>\n\n\t<\/div>\n\n\n<div  class=\"tribe-block tribe-block__event-website\" >\n\t<a\n\t\thref=\"https:\/\/www.operimknopfloch.ch\/ber-uns-1\/produktionen\/2023-le-dernier-sorcier\/\"\n\t\ttarget=\"_self\"\n\t\t\t>\n\t\tOper im Knopfloch\t<\/a>\n<\/div>\n\n\n\t<div  class=\"tribe-block tribe-block__events-link\" >\n\t\t<div class=\"tribe-events tribe-common\">\n\t\t\t<div class=\"tribe-events-c-subscribe-dropdown__container\">\n\t\t\t\t<div class=\"tribe-events-c-subscribe-dropdown\">\n\t\t\t\t\t<div class=\"tribe-common-c-btn-border tribe-events-c-subscribe-dropdown__button\">\n\t\t\t\t\t\t<svg\n\t class=\"tribe-common-c-svgicon tribe-common-c-svgicon--cal-export tribe-events-c-subscribe-dropdown__export-icon\" \taria-hidden=\"true\"\n\tviewbox=\"0 0 23 17\"\n\txmlns=\"http:\/\/www.w3.org\/2000\/svg\"\n>\n\t<path fill-rule=\"evenodd\" clip-rule=\"evenodd\" d=\"M.128.896V16.13c0 .211.145.383.323.383h15.354c.179 0 .323-.172.323-.383V.896c0-.212-.144-.383-.323-.383H.451C.273.513.128.684.128.896Zm16 6.742h-.901V4.679H1.009v10.729h14.218v-3.336h.901V7.638ZM1.01 1.614h14.218v2.058H1.009V1.614Z\" \/>\n\t<path d=\"M20.5 9.846H8.312M18.524 6.953l2.89 2.909-2.855 2.855\" stroke-width=\"1.2\" stroke-linecap=\"round\" stroke-linejoin=\"round\"\/>\n<\/svg>\n\t\t\t\t\t\t<button\n\t\t\t\t\t\t\tclass=\"tribe-events-c-subscribe-dropdown__button-text\"\n\t\t\t\t\t\t\taria-expanded=\"false\"\n\t\t\t\t\t\t\taria-controls=\"tribe-events-subscribe-dropdown-content\"\n\t\t\t\t\t\t\taria-label=\"View links to add events to your calendar\"\n\t\t\t\t\t\t>\n\t\t\t\t\t\t\tZum Kalender hinzuf\u00fcgen\t\t\t\t\t\t<\/button>\n\t\t\t\t\t\t<svg\n\t class=\"tribe-common-c-svgicon tribe-common-c-svgicon--caret-down tribe-events-c-subscribe-dropdown__button-icon\" \taria-hidden=\"true\"\n\tviewbox=\"0 0 10 7\"\n\txmlns=\"http:\/\/www.w3.org\/2000\/svg\"\n>\n\t<path fill-rule=\"evenodd\" clip-rule=\"evenodd\" d=\"M1.008.609L5 4.6 8.992.61l.958.958L5 6.517.05 1.566l.958-.958z\" class=\"tribe-common-c-svgicon__svg-fill\"\/>\n<\/svg>\n\t\t\t\t\t<\/div>\n\t\t\t\t\t<div id=\"tribe-events-subscribe-dropdown-content\" class=\"tribe-events-c-subscribe-dropdown__content\">\n\t\t\t\t\t\t<ul class=\"tribe-events-c-subscribe-dropdown__list\">\n\t\t\t\t\t\t\t\t\t\t\t\t\t\t\t<li class=\"tribe-events-c-subscribe-dropdown__list-item tribe-events-c-subscribe-dropdown__list-item--gcal\">\n\t\t\t\t\t\t\t\t\t<a\n\t\t\t\t\t\t\t\t\t\thref=\"https:\/\/www.google.com\/calendar\/event?action=TEMPLATE&#038;dates=20230727T183000\/20230727T210000&#038;text=Le%20Dernier%20Sorcier%20%26%238211%3B%20Waldb%C3%BChne%20Arosa&#038;details=%3Cp%3E%3C%2Fp%3E+%3Cp%3E%3C%2Fp%3E+%3Cfigure+class%3D%22wp-block-image+size-full%22%3E%3Cimg+src%3D%22https%3A%2F%2Fbettinaschneebeli.com%2Fwp-content%2Fuploads%2F2024%2F05%2Fdornieroipera.jpg%22+alt%3D%22%22+class%3D%22wp-image-214%22%2F%3E%3C%2Ffigure%3E%3Ch4+class%3D%22wp-block-heading%22%3E%3Cstrong%3EVorstellungsdaten%3A%3C%2Fstrong%3E%3C%2Fh4%3E%3Ch4+class%3D%22wp-block-heading%22%3E%3Cstrong%3EIm+Juli+2023%3C%2Fstrong%3E%3C%2Fh4%3E%3Cp%3EDonnerstag%2C+27.07.2023%2C+Waldb%C3%BChne+Arosa%3C%2Fp%3E+%3Cp%3ESamstag%2C+29.07.2023%2C+Waldb%C3%BChne+Arosa%3C%2Fp%3E+%3Cp%3ESonntag%2C+30.07.2023%2C+Waldb%C3%BChne+Arosa%3C%2Fp%3E+%3Ch4+class%3D%22wp-block-heading%22%3E%3C%2Fh4%3E%3Cp%3EMusik+von+Pauline+Viardot%2C+Text+von+Iwan+Turgenjew%3C%2Fp%3E+%3Cp%3EGesungen+auf+Franz%C3%B6sisch%2F+gesprochen+auf+Deutsch%3C%2Fp%3E+%3Cp%3E%3Cstrong%3ES%C3%A4nger%3Ainnen%3A%3C%2Fstrong%3E%26nbsp%3BNicole+Hitz+%28Stella%29%2C+Bettina+Schneebeli+%28Prinz+Lelio%29%2C+Rosina+Zoppi+%28Elfenk%C3%B6nigin%29%2C+Fabrice+Raviola+%28Krakamiche%29%2C+Ruben+Banzer+%28Perlimpinpin%29%3C%2Fp%3E+%3Cp%3E%3Cstrong%3EMusiker%3Ainnen%3A%3C%2Fstrong%3E%26nbsp%3BJudith+Polgar+%28Klavier%29%2C+Lindsay+Buffington+%28Harfe%29%2C+David+Gurtner+%28Percussion%29%2C+Mario+von+Holten+%28Percussion%29%3C%2Fp%3E++%28Ausf%C3%BChrliche+Veranstaltung-Beschreibung%3A+https%3A%2F%2Fbettinaschneebeli.com%2Fde%2Fevent%2Fle-dernier-sorcier%2F%29&#038;location=Waldb\u00fchne%20Arosa,%20Seewaldstrasse,%20Arosa,%207050,%20Switzerland&#038;trp=false&#038;ctz=UTC+0&#038;sprop=website:https:\/\/bettinaschneebeli.com\/de\"\n\t\t\t\t\t\t\t\t\t\tclass=\"tribe-events-c-subscribe-dropdown__list-item-link\"\n\t\t\t\t\t\t\t\t\t\ttarget=\"_blank\"\n\t\t\t\t\t\t\t\t\t\trel=\"noopener noreferrer nofollow noindex\"\n\t\t\t\t\t\t\t\t\t>\n\t\t\t\t\t\t\t\t\t\tGoogle Kalender\t\t\t\t\t\t\t\t\t<\/a>\n\t\t\t\t\t\t\t\t<\/li>\n\t\t\t\t\t\t\t\t\t\t\t\t\t\t\t<li class=\"tribe-events-c-subscribe-dropdown__list-item tribe-events-c-subscribe-dropdown__list-item--ical\">\n\t\t\t\t\t\t\t\t\t<a\n\t\t\t\t\t\t\t\t\t\thref=\"\"\n\t\t\t\t\t\t\t\t\t\tclass=\"tribe-events-c-subscribe-dropdown__list-item-link\"\n\t\t\t\t\t\t\t\t\t\ttarget=\"_blank\"\n\t\t\t\t\t\t\t\t\t\trel=\"noopener noreferrer nofollow noindex\"\n\t\t\t\t\t\t\t\t\t>\n\t\t\t\t\t\t\t\t\t\tiCalendar\t\t\t\t\t\t\t\t\t<\/a>\n\t\t\t\t\t\t\t\t<\/li>\n\t\t\t\t\t\t\t\t\t\t\t\t\t\t\t<li class=\"tribe-events-c-subscribe-dropdown__list-item tribe-events-c-subscribe-dropdown__list-item--outlook-365\">\n\t\t\t\t\t\t\t\t\t<a\n\t\t\t\t\t\t\t\t\t\thref=\"\"\n\t\t\t\t\t\t\t\t\t\tclass=\"tribe-events-c-subscribe-dropdown__list-item-link\"\n\t\t\t\t\t\t\t\t\t\ttarget=\"_blank\"\n\t\t\t\t\t\t\t\t\t\trel=\"noopener noreferrer nofollow noindex\"\n\t\t\t\t\t\t\t\t\t>\n\t\t\t\t\t\t\t\t\t\tOutlook 365\t\t\t\t\t\t\t\t\t<\/a>\n\t\t\t\t\t\t\t\t<\/li>\n\t\t\t\t\t\t\t\t\t\t\t\t\t\t\t<li class=\"tribe-events-c-subscribe-dropdown__list-item tribe-events-c-subscribe-dropdown__list-item--outlook-live\">\n\t\t\t\t\t\t\t\t\t<a\n\t\t\t\t\t\t\t\t\t\thref=\"\"\n\t\t\t\t\t\t\t\t\t\tclass=\"tribe-events-c-subscribe-dropdown__list-item-link\"\n\t\t\t\t\t\t\t\t\t\ttarget=\"_blank\"\n\t\t\t\t\t\t\t\t\t\trel=\"noopener noreferrer nofollow noindex\"\n\t\t\t\t\t\t\t\t\t>\n\t\t\t\t\t\t\t\t\t\tOutlook Live\t\t\t\t\t\t\t\t\t<\/a>\n\t\t\t\t\t\t\t\t<\/li>\n\t\t\t\t\t\t\t\t\t\t\t\t\t<\/ul>\n\t\t\t\t\t<\/div>\n\t\t\t\t<\/div>\n\t\t\t<\/div>\n\t\t<\/div>\n\t<\/div>","protected":false},"excerpt":{"rendered":"<p>Vorstellungsdaten: Im Juli 2023 Donnerstag, 27.07.2023, Waldb\u00fchne Arosa Samstag, 29.07.2023, Waldb\u00fchne Arosa Sonntag, 30.07.2023, Waldb\u00fchne Arosa Musik von Pauline Viardot, Text von Iwan Turgenjew Gesungen auf Franz\u00f6sisch\/ gesprochen auf Deutsch&#8230;<\/p>","protected":false},"author":1,"featured_media":214,"template":"","meta":{"_EventAllDay":false,"_EventTimezone":"UTC+0","_EventStartDate":"2023-07-27 18:30:00","_EventEndDate":"2023-07-27 21:00:00","_EventStartDateUTC":"2023-07-27 18:30:00","_EventEndDateUTC":"2023-07-27 21:00:00","_EventShowMap":false,"_EventShowMapLink":false,"_EventURL":"https:\/\/www.operimknopfloch.ch\/ber-uns-1\/produktionen\/2023-le-dernier-sorcier\/","_EventCost":"30","_EventCostDescription":"","_EventCurrencySymbol":"$","_EventCurrencyCode":"USD","_EventCurrencyPosition":"prefix","_EventDateTimeSeparator":" @ ","_EventTimeRangeSeparator":" - ","_EventOrganizerID":[],"_EventVenueID":[783],"_OrganizerEmail":"","_OrganizerPhone":"","_OrganizerWebsite":"","_VenueAddress":"","_VenueCity":"","_VenueCountry":"","_VenueProvince":"","_VenueState":"","_VenueZip":"","_VenuePhone":"","_VenueURL":"","_VenueStateProvince":"","_VenueLat":"","_VenueLng":"","_VenueShowMap":false,"_VenueShowMapLink":false,"_kadence_starter_templates_imported_post":false,"_kad_post_transparent":"","_kad_post_title":"","_kad_post_layout":"","_kad_post_sidebar_id":"","_kad_post_content_style":"","_kad_post_vertical_padding":"","_kad_post_feature":"","_kad_post_feature_position":"","_kad_post_header":false,"_kad_post_footer":false,"_tribe_events_status":"","_tribe_events_status_reason":"","footnotes":""},"tags":[],"tribe_events_cat":[],"class_list":["post-212","tribe_events","type-tribe_events","status-publish","has-post-thumbnail","hentry"],"yoast_head":"<!-- This site is optimized with the Yoast SEO plugin v22.7 - https:\/\/yoast.com\/wordpress\/plugins\/seo\/ -->\n<title>Le Dernier Sorcier - Waldb\u00fchne Arosa - Bettina Schneebeli<\/title>\n<meta name=\"robots\" content=\"index, follow, max-snippet:-1, max-image-preview:large, max-video-preview:-1\" \/>\n<link rel=\"canonical\" href=\"https:\/\/bettinaschneebeli.com\/de\/event\/le-dernier-sorcier\/\" \/>\n<meta property=\"og:locale\" content=\"de_DE\" \/>\n<meta property=\"og:type\" content=\"article\" \/>\n<meta property=\"og:title\" content=\"Le Dernier Sorcier - Waldb\u00fchne Arosa - Bettina Schneebeli\" \/>\n<meta property=\"og:description\" content=\"Vorstellungsdaten: Im Juli 2023 Donnerstag, 27.07.2023, Waldb\u00fchne Arosa Samstag, 29.07.2023, Waldb\u00fchne Arosa Sonntag, 30.07.2023, Waldb\u00fchne Arosa Musik von Pauline Viardot, Text von Iwan Turgenjew Gesungen auf Franz\u00f6sisch\/ gesprochen auf Deutsch...\" \/>\n<meta property=\"og:url\" content=\"https:\/\/bettinaschneebeli.com\/de\/event\/le-dernier-sorcier\/\" \/>\n<meta property=\"og:site_name\" content=\"Bettina Schneebeli\" \/>\n<meta property=\"article:modified_time\" content=\"2025-01-29T17:01:09+00:00\" \/>\n<meta property=\"og:image\" content=\"https:\/\/bettinaschneebeli.com\/wp-content\/uploads\/2024\/05\/dornieroipera.jpg\" \/>\n\t<meta property=\"og:image:width\" content=\"189\" \/>\n\t<meta property=\"og:image:height\" content=\"267\" \/>\n\t<meta property=\"og:image:type\" content=\"image\/jpeg\" \/>\n<meta name=\"twitter:card\" content=\"summary_large_image\" \/>\n<meta name=\"twitter:label1\" content=\"Gesch\u00e4tzte Lesezeit\" \/>\n\t<meta name=\"twitter:data1\" content=\"1\u00a0Minute\" \/>\n<script type=\"application\/ld+json\" class=\"yoast-schema-graph\">{\"@context\":\"https:\/\/schema.org\",\"@graph\":[{\"@type\":\"WebPage\",\"@id\":\"https:\/\/bettinaschneebeli.com\/event\/le-dernier-sorcier\/\",\"url\":\"https:\/\/bettinaschneebeli.com\/event\/le-dernier-sorcier\/\",\"name\":\"Le Dernier Sorcier - Waldb\u00fchne Arosa - Bettina Schneebeli\",\"isPartOf\":{\"@id\":\"https:\/\/bettinaschneebeli.com\/#website\"},\"primaryImageOfPage\":{\"@id\":\"https:\/\/bettinaschneebeli.com\/event\/le-dernier-sorcier\/#primaryimage\"},\"image\":{\"@id\":\"https:\/\/bettinaschneebeli.com\/event\/le-dernier-sorcier\/#primaryimage\"},\"thumbnailUrl\":\"https:\/\/bettinaschneebeli.com\/wp-content\/uploads\/2024\/05\/dornieroipera.jpg\",\"datePublished\":\"2024-05-24T13:30:03+00:00\",\"dateModified\":\"2025-01-29T17:01:09+00:00\",\"breadcrumb\":{\"@id\":\"https:\/\/bettinaschneebeli.com\/event\/le-dernier-sorcier\/#breadcrumb\"},\"inLanguage\":\"de-CH\",\"potentialAction\":[{\"@type\":\"ReadAction\",\"target\":[\"https:\/\/bettinaschneebeli.com\/event\/le-dernier-sorcier\/\"]}]},{\"@type\":\"ImageObject\",\"inLanguage\":\"de-CH\",\"@id\":\"https:\/\/bettinaschneebeli.com\/event\/le-dernier-sorcier\/#primaryimage\",\"url\":\"https:\/\/bettinaschneebeli.com\/wp-content\/uploads\/2024\/05\/dornieroipera.jpg\",\"contentUrl\":\"https:\/\/bettinaschneebeli.com\/wp-content\/uploads\/2024\/05\/dornieroipera.jpg\",\"width\":189,\"height\":267},{\"@type\":\"BreadcrumbList\",\"@id\":\"https:\/\/bettinaschneebeli.com\/event\/le-dernier-sorcier\/#breadcrumb\",\"itemListElement\":[{\"@type\":\"ListItem\",\"position\":1,\"name\":\"Home\",\"item\":\"https:\/\/bettinaschneebeli.com\/\"},{\"@type\":\"ListItem\",\"position\":2,\"name\":\"Events\",\"item\":\"https:\/\/bettinaschneebeli.com\/events\/\"},{\"@type\":\"ListItem\",\"position\":3,\"name\":\"Le Dernier Sorcier &#8211; Waldb\u00fchne Arosa\"}]},{\"@type\":\"WebSite\",\"@id\":\"https:\/\/bettinaschneebeli.com\/#website\",\"url\":\"https:\/\/bettinaschneebeli.com\/\",\"name\":\"Bettina Schneebeli\",\"description\":\"\",\"publisher\":{\"@id\":\"https:\/\/bettinaschneebeli.com\/#organization\"},\"potentialAction\":[{\"@type\":\"SearchAction\",\"target\":{\"@type\":\"EntryPoint\",\"urlTemplate\":\"https:\/\/bettinaschneebeli.com\/?s={search_term_string}\"},\"query-input\":\"required name=search_term_string\"}],\"inLanguage\":\"de-CH\"},{\"@type\":\"Organization\",\"@id\":\"https:\/\/bettinaschneebeli.com\/#organization\",\"name\":\"Bettina Schneebeli\",\"url\":\"https:\/\/bettinaschneebeli.com\/\",\"logo\":{\"@type\":\"ImageObject\",\"inLanguage\":\"de-CH\",\"@id\":\"https:\/\/bettinaschneebeli.com\/#\/schema\/logo\/image\/\",\"url\":\"https:\/\/bettinaschneebeli.com\/wp-content\/uploads\/2024\/05\/cropped-cropped-Bettina-Logo-grau3a3b3c-rotgimp2.png\",\"contentUrl\":\"https:\/\/bettinaschneebeli.com\/wp-content\/uploads\/2024\/05\/cropped-cropped-Bettina-Logo-grau3a3b3c-rotgimp2.png\",\"width\":1454,\"height\":550,\"caption\":\"Bettina Schneebeli\"},\"image\":{\"@id\":\"https:\/\/bettinaschneebeli.com\/#\/schema\/logo\/image\/\"}}]}<\/script>\n<!-- \/ Yoast SEO plugin. -->","yoast_head_json":{"title":"Le Dernier Sorcier - Waldb\u00fchne Arosa - Bettina Schneebeli","robots":{"index":"index","follow":"follow","max-snippet":"max-snippet:-1","max-image-preview":"max-image-preview:large","max-video-preview":"max-video-preview:-1"},"canonical":"https:\/\/bettinaschneebeli.com\/de\/event\/le-dernier-sorcier\/","og_locale":"de_DE","og_type":"article","og_title":"Le Dernier Sorcier - Waldb\u00fchne Arosa - Bettina Schneebeli","og_description":"Vorstellungsdaten: Im Juli 2023 Donnerstag, 27.07.2023, Waldb\u00fchne Arosa Samstag, 29.07.2023, Waldb\u00fchne Arosa Sonntag, 30.07.2023, Waldb\u00fchne Arosa Musik von Pauline Viardot, Text von Iwan Turgenjew Gesungen auf Franz\u00f6sisch\/ gesprochen auf Deutsch...","og_url":"https:\/\/bettinaschneebeli.com\/de\/event\/le-dernier-sorcier\/","og_site_name":"Bettina Schneebeli","article_modified_time":"2025-01-29T17:01:09+00:00","og_image":[{"width":189,"height":267,"url":"https:\/\/bettinaschneebeli.com\/wp-content\/uploads\/2024\/05\/dornieroipera.jpg","type":"image\/jpeg"}],"twitter_card":"summary_large_image","twitter_misc":{"Gesch\u00e4tzte Lesezeit":"1\u00a0Minute"},"schema":{"@context":"https:\/\/schema.org","@graph":[{"@type":"WebPage","@id":"https:\/\/bettinaschneebeli.com\/event\/le-dernier-sorcier\/","url":"https:\/\/bettinaschneebeli.com\/event\/le-dernier-sorcier\/","name":"Le Dernier Sorcier - Waldb\u00fchne Arosa - Bettina Schneebeli","isPartOf":{"@id":"https:\/\/bettinaschneebeli.com\/#website"},"primaryImageOfPage":{"@id":"https:\/\/bettinaschneebeli.com\/event\/le-dernier-sorcier\/#primaryimage"},"image":{"@id":"https:\/\/bettinaschneebeli.com\/event\/le-dernier-sorcier\/#primaryimage"},"thumbnailUrl":"https:\/\/bettinaschneebeli.com\/wp-content\/uploads\/2024\/05\/dornieroipera.jpg","datePublished":"2024-05-24T13:30:03+00:00","dateModified":"2025-01-29T17:01:09+00:00","breadcrumb":{"@id":"https:\/\/bettinaschneebeli.com\/event\/le-dernier-sorcier\/#breadcrumb"},"inLanguage":"de-CH","potentialAction":[{"@type":"ReadAction","target":["https:\/\/bettinaschneebeli.com\/event\/le-dernier-sorcier\/"]}]},{"@type":"ImageObject","inLanguage":"de-CH","@id":"https:\/\/bettinaschneebeli.com\/event\/le-dernier-sorcier\/#primaryimage","url":"https:\/\/bettinaschneebeli.com\/wp-content\/uploads\/2024\/05\/dornieroipera.jpg","contentUrl":"https:\/\/bettinaschneebeli.com\/wp-content\/uploads\/2024\/05\/dornieroipera.jpg","width":189,"height":267},{"@type":"BreadcrumbList","@id":"https:\/\/bettinaschneebeli.com\/event\/le-dernier-sorcier\/#breadcrumb","itemListElement":[{"@type":"ListItem","position":1,"name":"Home","item":"https:\/\/bettinaschneebeli.com\/"},{"@type":"ListItem","position":2,"name":"Events","item":"https:\/\/bettinaschneebeli.com\/events\/"},{"@type":"ListItem","position":3,"name":"Le Dernier Sorcier &#8211; Waldb\u00fchne Arosa"}]},{"@type":"WebSite","@id":"https:\/\/bettinaschneebeli.com\/#website","url":"https:\/\/bettinaschneebeli.com\/","name":"Bettina Schneebeli","description":"","publisher":{"@id":"https:\/\/bettinaschneebeli.com\/#organization"},"potentialAction":[{"@type":"SearchAction","target":{"@type":"EntryPoint","urlTemplate":"https:\/\/bettinaschneebeli.com\/?s={search_term_string}"},"query-input":"required name=search_term_string"}],"inLanguage":"de-CH"},{"@type":"Organization","@id":"https:\/\/bettinaschneebeli.com\/#organization","name":"Bettina Schneebeli","url":"https:\/\/bettinaschneebeli.com\/","logo":{"@type":"ImageObject","inLanguage":"de-CH","@id":"https:\/\/bettinaschneebeli.com\/#\/schema\/logo\/image\/","url":"https:\/\/bettinaschneebeli.com\/wp-content\/uploads\/2024\/05\/cropped-cropped-Bettina-Logo-grau3a3b3c-rotgimp2.png","contentUrl":"https:\/\/bettinaschneebeli.com\/wp-content\/uploads\/2024\/05\/cropped-cropped-Bettina-Logo-grau3a3b3c-rotgimp2.png","width":1454,"height":550,"caption":"Bettina Schneebeli"},"image":{"@id":"https:\/\/bettinaschneebeli.com\/#\/schema\/logo\/image\/"}}]}},"_links":{"self":[{"href":"https:\/\/bettinaschneebeli.com\/de\/wp-json\/wp\/v2\/tribe_events\/212","targetHints":{"allow":["GET"]}}],"collection":[{"href":"https:\/\/bettinaschneebeli.com\/de\/wp-json\/wp\/v2\/tribe_events"}],"about":[{"href":"https:\/\/bettinaschneebeli.com\/de\/wp-json\/wp\/v2\/types\/tribe_events"}],"author":[{"embeddable":true,"href":"https:\/\/bettinaschneebeli.com\/de\/wp-json\/wp\/v2\/users\/1"}],"version-history":[{"count":6,"href":"https:\/\/bettinaschneebeli.com\/de\/wp-json\/wp\/v2\/tribe_events\/212\/revisions"}],"predecessor-version":[{"id":784,"href":"https:\/\/bettinaschneebeli.com\/de\/wp-json\/wp\/v2\/tribe_events\/212\/revisions\/784"}],"wp:featuredmedia":[{"embeddable":true,"href":"https:\/\/bettinaschneebeli.com\/de\/wp-json\/wp\/v2\/media\/214"}],"wp:attachment":[{"href":"https:\/\/bettinaschneebeli.com\/de\/wp-json\/wp\/v2\/media?parent=212"}],"wp:term":[{"taxonomy":"post_tag","embeddable":true,"href":"https:\/\/bettinaschneebeli.com\/de\/wp-json\/wp\/v2\/tags?post=212"},{"taxonomy":"tribe_events_cat","embeddable":true,"href":"https:\/\/bettinaschneebeli.com\/de\/wp-json\/wp\/v2\/tribe_events_cat?post=212"}],"curies":[{"name":"wp","href":"https:\/\/api.w.org\/{rel}","templated":true}]}}