{"id":752,"date":"2025-01-29T15:18:04","date_gmt":"2025-01-29T15:18:04","guid":{"rendered":"https:\/\/bettinaschneebeli.com\/?post_type=tribe_events&#038;p=752"},"modified":"2025-02-01T10:54:26","modified_gmt":"2025-02-01T10:54:26","slug":"il-viaggio-a-reims","status":"publish","type":"tribe_events","link":"https:\/\/bettinaschneebeli.com\/de\/event\/il-viaggio-a-reims\/","title":{"rendered":"Il viaggio a Reims"},"content":{"rendered":"<div  class=\"tribe-events-schedule tribe-clearfix\" >\n\t<p class=\"tribe-events-schedule__datetime\">\n\t\t<span class=\"tribe-events-schedule__date tribe-events-schedule__date--start\">\n\t\t\tFebruar 28, 2025\t\t<\/span>\n\n\t\t\t\t\t<span class=\"tribe-events-schedule__separator tribe-events-schedule__separator--date\">\n\t\t\t\t @ \t\t\t<\/span>\n\t\t\t<span class=\"tribe-events-schedule__time tribe-events-schedule__time--start\">\n\t\t\t\t7:00 p.m.\t\t\t<\/span>\n\t\t\n\t\t\t\t\t\t\t\t\t<span class=\"tribe-events-schedule__separator tribe-events-schedule__separator--time\">\n\t\t\t\t\t &#8211; \t\t\t\t<\/span>\n\t\t\t\n\t\t\t\t\t\t\t<span class=\"tribe-events-schedule__time tribe-events-schedule__time--end\">\n\t\t\t\t\t9:30 p.m.\t\t\t\t<\/span>\n\t\t\t\n\t\t\t\t\t\t<\/p>\n<\/div>\n\n\n\n<p class=\"wp-block-paragraph\">Oper von Gioachino Rossini <\/p>\n\n\n\n<p class=\"wp-block-paragraph\">Musikalische Leitung <a href=\"https:\/\/www.opernhaus.ch\/spielplan\/kalendarium\/il-viaggio-a-reims-1\/#bio_154114\"><strong>Dominic Limburg<\/strong><\/a> Szenische Einrichtung <a href=\"https:\/\/www.opernhaus.ch\/spielplan\/kalendarium\/il-viaggio-a-reims-1\/#bio_161412\"><strong>Annette Weber-Hussain<\/strong><\/a> Choreinstudierung <a href=\"https:\/\/www.opernhaus.ch\/spielplan\/kalendarium\/il-viaggio-a-reims-1\/#bio_2452\"><strong>Ernst Raffelsberger<\/strong><\/a><\/p>\n\n\n\n<p class=\"wp-block-paragraph\">Mitglieder des Internationalen Opernstudios IOS des Opernhaus Z\u00fcrich.<\/p>\n\n\n\n<p class=\"wp-block-paragraph\"><\/p>\n\n\n<div  class=\"tribe-block tribe-block__event-price\" >\n\t\t<\/div>\n\n\n\n<div class=\"wp-block-columns is-layout-flex wp-container-core-columns-is-layout-8f761849 wp-block-columns-is-layout-flex\">\n<div class=\"wp-block-column is-layout-flow wp-block-column-is-layout-flow\" style=\"flex-basis:50%\">\n<p class=\"wp-block-paragraph\">Corinna   <br>Marchesa Melibea   <br>La Contessa di Folleville  <br>Madama Cortese<br>Cavaliere Belfiore<br>Conte di Libenskof<br>Lord Sidney<br>Don Profondo<br>Barone di Trombonok<br>Don Alvaro<br>Don Prudenzio<br>Don Luigino<br>Maddalena<br>Delia<br>Modestina<br>Antonio<br>Zefirino \/ Gelsomino<br><\/p>\n\n\n\n<p class=\"wp-block-paragraph\">Zusatzchor der Oper Z\u00fcrich<br>Chorzuz\u00fcger:innen<br>Musikkollegium Winterthur<br>Solofl\u00f6tistin: Nolwenn Bargin<br><\/p>\n<\/div>\n\n\n\n<div class=\"wp-block-column is-layout-flow wp-block-column-is-layout-flow\" style=\"flex-basis:50%\">\n<p class=\"wp-block-paragraph\">Maria Stella Maurizi<br>Indyana Schneider<br>Marie Lombard<br>Flavia Stricker<br>\u00c1lvaro Diana Sanchez<br>Luis Magallanes<br>Samson Setu<br>Max Bell<br>Felix Gygli<br>Steffan Lloyd Owen<br>Lobel Barun<br>Tomislav Jukic<br>Bettina Schneebeli<br>Sylwia Salamonska<br>Dominika Stefanska<br>Maximilian Lawrie<br>Christopher Willoughby<br><\/p>\n\n\n\n<p class=\"wp-block-paragraph\"><br><\/p>\n\n\n\n<p class=\"wp-block-paragraph\"><\/p>\n<\/div>\n<\/div>\n\n\n\n\n<div  class=\"tribe-block tribe-block__venue tribe-clearfix tribe-block__venue--has-map\" >\n\t\n\t\n<div class=\"tribe-block__venue__meta\">\n\t<div class=\"tribe-block__venue__name\">\n\t\t<h3>Stadthaus Winterthur<\/h3>\n\t<\/div>\n\n\t\n\t\t\t\t\t\t<address class=\"tribe-block__venue__address\">\n\t\t\t\t<span class=\"tribe-address\">\n\n<span class=\"tribe-street-address\">Stadthausstrasse 4a<\/span>\n\t\n\t\t<br>\n\t\t<span class=\"tribe-locality\">Winterthur<\/span><span class=\"tribe-delimiter\">,<\/span>\n\n\n\t<span class=\"tribe-postal-code\">8400<\/span>\n\n\t<span class=\"tribe-country-name\">Switzerland<\/span>\n\n<\/span>\n\n\t\t\t\t\t\t\t\t\t<a class=\"tribe-events-gmap\" href=\"https:\/\/maps.google.com\/maps?f=q&#038;source=s_q&#038;hl=en&#038;geocode=&#038;q=Stadthausstrasse+4a+Winterthur+8400+Switzerland\" title=\"Klicken, um Google Karte anzuzeigen\" target=\"_blank\" rel=\"noreferrer noopener\">Google Karte anzeigen<\/a>\t\t\t\t\t\t\t<\/address>\n\t\t\n\t\t\n\t\t\t\n\t<\/div>\n\t\n<div class=\"tribe-block__venue__map\">\n\t\n<iframe loading=\"lazy\"\n  title=\"iFrame mit Google Maps, der die Adresse von Stadthaus Winterthur anzeigt\"\n  aria-label=\"Karte des Veranstaltungsorts\"\n  width=\"310px\"\n  height=\"256px\"\n  frameborder=\"0\" style=\"border:0\"\n  src=\"https:\/\/www.google.com\/maps\/embed\/v1\/place?key=AIzaSyDNsicAsP6-VuGtAb1O9riI3oc_NOb7IOU&#038;q=Stadthausstrasse+4a+Winterthur+8400+Switzerland+&#038;zoom=10\" allowfullscreen>\n<\/iframe>\n<\/div>\n\n\t<\/div>\n\n\n<div  class=\"tribe-block tribe-block__event-website\" >\n\t<a\n\t\thref=\"https:\/\/www.opernhaus.ch\/spielplan\/kalendarium\/il-viaggio-a-reims-1\/\"\n\t\ttarget=\"_self\"\n\t\t\t>\n\t\tTickets\t<\/a>\n<\/div>\n\n\n\t<div  class=\"tribe-block tribe-block__events-link\" >\n\t\t<div class=\"tribe-events tribe-common\">\n\t\t\t<div class=\"tribe-events-c-subscribe-dropdown__container\">\n\t\t\t\t<div class=\"tribe-events-c-subscribe-dropdown\">\n\t\t\t\t\t<div class=\"tribe-common-c-btn-border tribe-events-c-subscribe-dropdown__button\">\n\t\t\t\t\t\t<svg\n\t class=\"tribe-common-c-svgicon tribe-common-c-svgicon--cal-export tribe-events-c-subscribe-dropdown__export-icon\" \taria-hidden=\"true\"\n\tviewbox=\"0 0 23 17\"\n\txmlns=\"http:\/\/www.w3.org\/2000\/svg\"\n>\n\t<path fill-rule=\"evenodd\" clip-rule=\"evenodd\" d=\"M.128.896V16.13c0 .211.145.383.323.383h15.354c.179 0 .323-.172.323-.383V.896c0-.212-.144-.383-.323-.383H.451C.273.513.128.684.128.896Zm16 6.742h-.901V4.679H1.009v10.729h14.218v-3.336h.901V7.638ZM1.01 1.614h14.218v2.058H1.009V1.614Z\" \/>\n\t<path d=\"M20.5 9.846H8.312M18.524 6.953l2.89 2.909-2.855 2.855\" stroke-width=\"1.2\" stroke-linecap=\"round\" stroke-linejoin=\"round\"\/>\n<\/svg>\n\t\t\t\t\t\t<button\n\t\t\t\t\t\t\tclass=\"tribe-events-c-subscribe-dropdown__button-text\"\n\t\t\t\t\t\t\taria-expanded=\"false\"\n\t\t\t\t\t\t\taria-controls=\"tribe-events-subscribe-dropdown-content\"\n\t\t\t\t\t\t\taria-label=\"View links to add events to your calendar\"\n\t\t\t\t\t\t>\n\t\t\t\t\t\t\tZum Kalender hinzuf\u00fcgen\t\t\t\t\t\t<\/button>\n\t\t\t\t\t\t<svg\n\t class=\"tribe-common-c-svgicon tribe-common-c-svgicon--caret-down tribe-events-c-subscribe-dropdown__button-icon\" \taria-hidden=\"true\"\n\tviewbox=\"0 0 10 7\"\n\txmlns=\"http:\/\/www.w3.org\/2000\/svg\"\n>\n\t<path fill-rule=\"evenodd\" clip-rule=\"evenodd\" d=\"M1.008.609L5 4.6 8.992.61l.958.958L5 6.517.05 1.566l.958-.958z\" class=\"tribe-common-c-svgicon__svg-fill\"\/>\n<\/svg>\n\t\t\t\t\t<\/div>\n\t\t\t\t\t<div id=\"tribe-events-subscribe-dropdown-content\" class=\"tribe-events-c-subscribe-dropdown__content\">\n\t\t\t\t\t\t<ul class=\"tribe-events-c-subscribe-dropdown__list\">\n\t\t\t\t\t\t\t\t\t\t\t\t\t\t\t<li class=\"tribe-events-c-subscribe-dropdown__list-item tribe-events-c-subscribe-dropdown__list-item--gcal\">\n\t\t\t\t\t\t\t\t\t<a\n\t\t\t\t\t\t\t\t\t\thref=\"https:\/\/www.google.com\/calendar\/event?action=TEMPLATE&#038;dates=20250228T190000\/20250228T213000&#038;text=Il%20viaggio%20a%20Reims&#038;details=%3Cp%3EOper+von+Gioachino+Rossini+%3C%2Fp%3E+%3Cp%3EMusikalische+Leitung+%3Ca+href%3D%22https%3A%2F%2Fwww.opernhaus.ch%2Fspielplan%2Fkalendarium%2Fil-viaggio-a-reims-1%2F%23bio_154114%22%3E%3Cstrong%3EDominic+Limburg%3C%2Fstrong%3E%3C%2Fa%3E+Szenische+Einrichtung+%3Ca+href%3D%22https%3A%2F%2Fwww.opernhaus.ch%2Fspielplan%2Fkalendarium%2Fil-viaggio-a-reims-1%2F%23bio_161412%22%3E%3Cstrong%3EAnnette+Weber-Hussain%3C%2Fstrong%3E%3C%2Fa%3E+Choreinstudierung+%3Ca+href%3D%22https%3A%2F%2Fwww.opernhaus.ch%2Fspielplan%2Fkalendarium%2Fil-viaggio-a-reims-1%2F%23bio_2452%22%3E%3Cstrong%3EErnst+Raffelsberger%3C%2Fstrong%3E%3C%2Fa%3E%3C%2Fp%3E+%3Cp%3EMitglieder+des+Internationalen+Opernstudios+IOS+des+Opernhaus+Z%C3%BCrich.%3C%2Fp%3E+%3Cp%3E%3C%2Fp%3E+%3Cdiv+class%3D%22wp-block-columns%22%3E%3Cdiv+class%3D%22wp-block-column%22+style%3D%22flex-basis%3A50%25%22%3E%3Cp%3ECorinna+++%3Cbr+%2F%3EMarchesa+Melibea+++%3Cbr+%2F%3ELa+Contessa+di+Folleville++%3Cbr+%2F%3EMadama+Cortese%3Cbr+%2F%3ECavaliere+Belfiore%3Cbr+%2F%3EConte+di+Libenskof%3Cbr+%2F%3ELord+Sidney%3Cbr+%2F%3EDon+Profondo%3Cbr+%2F%3EBarone+di+Trombonok%3Cbr+%2F%3EDon+Alvaro%3Cbr+%2F%3EDon+Prudenzio%3Cbr+%2F%3EDon+Luigino%3Cbr+%2F%3EMaddalena%3Cbr+%2F%3EDelia%3Cbr+%2F%3EModestina%3Cbr+%2F%3EAntonio%3Cbr+%2F%3EZefirino+%2F+Gelsomino%3Cbr+%2F%3E%3C%2Fp%3E+%3C%3C%2Fdiv%3E%3C%2Fdiv%3E+%28Ausf%C3%BChrliche+Veranstaltung-Beschreibung%3A+https%3A%2F%2Fbettinaschneebeli.com%2Fde%2Fevent%2Fil-viaggio-a-reims%2F%29&#038;location=Stadthaus%20Winterthur,%20Stadthausstrasse%204a,%20Winterthur,%208400,%20Switzerland&#038;trp=false&#038;ctz=UTC+0&#038;sprop=website:https:\/\/bettinaschneebeli.com\/de\"\n\t\t\t\t\t\t\t\t\t\tclass=\"tribe-events-c-subscribe-dropdown__list-item-link\"\n\t\t\t\t\t\t\t\t\t\ttarget=\"_blank\"\n\t\t\t\t\t\t\t\t\t\trel=\"noopener noreferrer nofollow noindex\"\n\t\t\t\t\t\t\t\t\t>\n\t\t\t\t\t\t\t\t\t\tGoogle Kalender\t\t\t\t\t\t\t\t\t<\/a>\n\t\t\t\t\t\t\t\t<\/li>\n\t\t\t\t\t\t\t\t\t\t\t\t\t\t\t<li class=\"tribe-events-c-subscribe-dropdown__list-item tribe-events-c-subscribe-dropdown__list-item--ical\">\n\t\t\t\t\t\t\t\t\t<a\n\t\t\t\t\t\t\t\t\t\thref=\"\"\n\t\t\t\t\t\t\t\t\t\tclass=\"tribe-events-c-subscribe-dropdown__list-item-link\"\n\t\t\t\t\t\t\t\t\t\ttarget=\"_blank\"\n\t\t\t\t\t\t\t\t\t\trel=\"noopener noreferrer nofollow noindex\"\n\t\t\t\t\t\t\t\t\t>\n\t\t\t\t\t\t\t\t\t\tiCalendar\t\t\t\t\t\t\t\t\t<\/a>\n\t\t\t\t\t\t\t\t<\/li>\n\t\t\t\t\t\t\t\t\t\t\t\t\t\t\t<li class=\"tribe-events-c-subscribe-dropdown__list-item tribe-events-c-subscribe-dropdown__list-item--outlook-365\">\n\t\t\t\t\t\t\t\t\t<a\n\t\t\t\t\t\t\t\t\t\thref=\"\"\n\t\t\t\t\t\t\t\t\t\tclass=\"tribe-events-c-subscribe-dropdown__list-item-link\"\n\t\t\t\t\t\t\t\t\t\ttarget=\"_blank\"\n\t\t\t\t\t\t\t\t\t\trel=\"noopener noreferrer nofollow noindex\"\n\t\t\t\t\t\t\t\t\t>\n\t\t\t\t\t\t\t\t\t\tOutlook 365\t\t\t\t\t\t\t\t\t<\/a>\n\t\t\t\t\t\t\t\t<\/li>\n\t\t\t\t\t\t\t\t\t\t\t\t\t\t\t<li class=\"tribe-events-c-subscribe-dropdown__list-item tribe-events-c-subscribe-dropdown__list-item--outlook-live\">\n\t\t\t\t\t\t\t\t\t<a\n\t\t\t\t\t\t\t\t\t\thref=\"\"\n\t\t\t\t\t\t\t\t\t\tclass=\"tribe-events-c-subscribe-dropdown__list-item-link\"\n\t\t\t\t\t\t\t\t\t\ttarget=\"_blank\"\n\t\t\t\t\t\t\t\t\t\trel=\"noopener noreferrer nofollow noindex\"\n\t\t\t\t\t\t\t\t\t>\n\t\t\t\t\t\t\t\t\t\tOutlook Live\t\t\t\t\t\t\t\t\t<\/a>\n\t\t\t\t\t\t\t\t<\/li>\n\t\t\t\t\t\t\t\t\t\t\t\t\t<\/ul>\n\t\t\t\t\t<\/div>\n\t\t\t\t<\/div>\n\t\t\t<\/div>\n\t\t<\/div>\n\t<\/div>","protected":false},"excerpt":{"rendered":"<p>Oper von Gioachino Rossini Musikalische Leitung Dominic Limburg Szenische Einrichtung Annette Weber-Hussain Choreinstudierung Ernst Raffelsberger Mitglieder des Internationalen Opernstudios IOS des Opernhaus Z\u00fcrich. Corinna Marchesa Melibea La Contessa di Folleville&#8230;<\/p>","protected":false},"author":1,"featured_media":810,"template":"","meta":{"_EventAllDay":false,"_EventTimezone":"UTC+0","_EventStartDate":"2025-02-28 19:00:00","_EventEndDate":"2025-02-28 21:30:00","_EventStartDateUTC":"2025-02-28 19:00:00","_EventEndDateUTC":"2025-02-28 21:30:00","_EventShowMap":false,"_EventShowMapLink":false,"_EventURL":"https:\/\/www.opernhaus.ch\/spielplan\/kalendarium\/il-viaggio-a-reims-1\/","_EventCost":"","_EventCostDescription":"","_EventCurrencySymbol":"$","_EventCurrencyCode":"USD","_EventCurrencyPosition":"prefix","_EventDateTimeSeparator":" @ ","_EventTimeRangeSeparator":" - ","_EventOrganizerID":[],"_EventVenueID":[753],"_OrganizerEmail":"","_OrganizerPhone":"","_OrganizerWebsite":"","_VenueAddress":"","_VenueCity":"","_VenueCountry":"","_VenueProvince":"","_VenueState":"","_VenueZip":"","_VenuePhone":"","_VenueURL":"","_VenueStateProvince":"","_VenueLat":"","_VenueLng":"","_VenueShowMap":false,"_VenueShowMapLink":false,"_kadence_starter_templates_imported_post":false,"_kad_post_transparent":"","_kad_post_title":"","_kad_post_layout":"","_kad_post_sidebar_id":"","_kad_post_content_style":"","_kad_post_vertical_padding":"","_kad_post_feature":"","_kad_post_feature_position":"","_kad_post_header":false,"_kad_post_footer":false,"_tribe_events_status":"","_tribe_events_status_reason":"","footnotes":""},"tags":[],"tribe_events_cat":[],"class_list":["post-752","tribe_events","type-tribe_events","status-publish","has-post-thumbnail","hentry"],"yoast_head":"<!-- This site is optimized with the Yoast SEO plugin v22.7 - https:\/\/yoast.com\/wordpress\/plugins\/seo\/ -->\n<title>Il viaggio a Reims - Bettina Schneebeli<\/title>\n<meta name=\"robots\" content=\"index, follow, max-snippet:-1, max-image-preview:large, max-video-preview:-1\" \/>\n<link rel=\"canonical\" href=\"https:\/\/bettinaschneebeli.com\/de\/event\/il-viaggio-a-reims\/\" \/>\n<meta property=\"og:locale\" content=\"de_DE\" \/>\n<meta property=\"og:type\" content=\"article\" \/>\n<meta property=\"og:title\" content=\"Il viaggio a Reims - Bettina Schneebeli\" \/>\n<meta property=\"og:description\" content=\"Oper von Gioachino Rossini Musikalische Leitung Dominic Limburg Szenische Einrichtung Annette Weber-Hussain Choreinstudierung Ernst Raffelsberger Mitglieder des Internationalen Opernstudios IOS des Opernhaus Z\u00fcrich. Corinna Marchesa Melibea La Contessa di Folleville...\" \/>\n<meta property=\"og:url\" content=\"https:\/\/bettinaschneebeli.com\/de\/event\/il-viaggio-a-reims\/\" \/>\n<meta property=\"og:site_name\" content=\"Bettina Schneebeli\" \/>\n<meta property=\"article:modified_time\" content=\"2025-02-01T10:54:26+00:00\" \/>\n<meta property=\"og:image\" content=\"https:\/\/bettinaschneebeli.com\/wp-content\/uploads\/2025\/01\/il-viaggio-a-reims-2025.png\" \/>\n\t<meta property=\"og:image:width\" content=\"3204\" \/>\n\t<meta property=\"og:image:height\" content=\"1396\" \/>\n\t<meta property=\"og:image:type\" content=\"image\/png\" \/>\n<meta name=\"twitter:card\" content=\"summary_large_image\" \/>\n<meta name=\"twitter:label1\" content=\"Gesch\u00e4tzte Lesezeit\" \/>\n\t<meta name=\"twitter:data1\" content=\"1\u00a0Minute\" \/>\n<script type=\"application\/ld+json\" class=\"yoast-schema-graph\">{\"@context\":\"https:\/\/schema.org\",\"@graph\":[{\"@type\":\"WebPage\",\"@id\":\"https:\/\/bettinaschneebeli.com\/event\/il-viaggio-a-reims\/\",\"url\":\"https:\/\/bettinaschneebeli.com\/event\/il-viaggio-a-reims\/\",\"name\":\"Il viaggio a Reims - Bettina Schneebeli\",\"isPartOf\":{\"@id\":\"https:\/\/bettinaschneebeli.com\/#website\"},\"primaryImageOfPage\":{\"@id\":\"https:\/\/bettinaschneebeli.com\/event\/il-viaggio-a-reims\/#primaryimage\"},\"image\":{\"@id\":\"https:\/\/bettinaschneebeli.com\/event\/il-viaggio-a-reims\/#primaryimage\"},\"thumbnailUrl\":\"https:\/\/bettinaschneebeli.com\/wp-content\/uploads\/2025\/01\/il-viaggio-a-reims-2025.png\",\"datePublished\":\"2025-01-29T15:18:04+00:00\",\"dateModified\":\"2025-02-01T10:54:26+00:00\",\"breadcrumb\":{\"@id\":\"https:\/\/bettinaschneebeli.com\/event\/il-viaggio-a-reims\/#breadcrumb\"},\"inLanguage\":\"de-CH\",\"potentialAction\":[{\"@type\":\"ReadAction\",\"target\":[\"https:\/\/bettinaschneebeli.com\/event\/il-viaggio-a-reims\/\"]}]},{\"@type\":\"ImageObject\",\"inLanguage\":\"de-CH\",\"@id\":\"https:\/\/bettinaschneebeli.com\/event\/il-viaggio-a-reims\/#primaryimage\",\"url\":\"https:\/\/bettinaschneebeli.com\/wp-content\/uploads\/2025\/01\/il-viaggio-a-reims-2025.png\",\"contentUrl\":\"https:\/\/bettinaschneebeli.com\/wp-content\/uploads\/2025\/01\/il-viaggio-a-reims-2025.png\",\"width\":3204,\"height\":1396},{\"@type\":\"BreadcrumbList\",\"@id\":\"https:\/\/bettinaschneebeli.com\/event\/il-viaggio-a-reims\/#breadcrumb\",\"itemListElement\":[{\"@type\":\"ListItem\",\"position\":1,\"name\":\"Home\",\"item\":\"https:\/\/bettinaschneebeli.com\/\"},{\"@type\":\"ListItem\",\"position\":2,\"name\":\"Events\",\"item\":\"https:\/\/bettinaschneebeli.com\/events\/\"},{\"@type\":\"ListItem\",\"position\":3,\"name\":\"Il viaggio a Reims\"}]},{\"@type\":\"WebSite\",\"@id\":\"https:\/\/bettinaschneebeli.com\/#website\",\"url\":\"https:\/\/bettinaschneebeli.com\/\",\"name\":\"Bettina Schneebeli\",\"description\":\"\",\"publisher\":{\"@id\":\"https:\/\/bettinaschneebeli.com\/#organization\"},\"potentialAction\":[{\"@type\":\"SearchAction\",\"target\":{\"@type\":\"EntryPoint\",\"urlTemplate\":\"https:\/\/bettinaschneebeli.com\/?s={search_term_string}\"},\"query-input\":\"required name=search_term_string\"}],\"inLanguage\":\"de-CH\"},{\"@type\":\"Organization\",\"@id\":\"https:\/\/bettinaschneebeli.com\/#organization\",\"name\":\"Bettina Schneebeli\",\"url\":\"https:\/\/bettinaschneebeli.com\/\",\"logo\":{\"@type\":\"ImageObject\",\"inLanguage\":\"de-CH\",\"@id\":\"https:\/\/bettinaschneebeli.com\/#\/schema\/logo\/image\/\",\"url\":\"https:\/\/bettinaschneebeli.com\/wp-content\/uploads\/2024\/05\/cropped-cropped-Bettina-Logo-grau3a3b3c-rotgimp2.png\",\"contentUrl\":\"https:\/\/bettinaschneebeli.com\/wp-content\/uploads\/2024\/05\/cropped-cropped-Bettina-Logo-grau3a3b3c-rotgimp2.png\",\"width\":1454,\"height\":550,\"caption\":\"Bettina Schneebeli\"},\"image\":{\"@id\":\"https:\/\/bettinaschneebeli.com\/#\/schema\/logo\/image\/\"}}]}<\/script>\n<!-- \/ Yoast SEO plugin. -->","yoast_head_json":{"title":"Il viaggio a Reims - Bettina Schneebeli","robots":{"index":"index","follow":"follow","max-snippet":"max-snippet:-1","max-image-preview":"max-image-preview:large","max-video-preview":"max-video-preview:-1"},"canonical":"https:\/\/bettinaschneebeli.com\/de\/event\/il-viaggio-a-reims\/","og_locale":"de_DE","og_type":"article","og_title":"Il viaggio a Reims - Bettina Schneebeli","og_description":"Oper von Gioachino Rossini Musikalische Leitung Dominic Limburg Szenische Einrichtung Annette Weber-Hussain Choreinstudierung Ernst Raffelsberger Mitglieder des Internationalen Opernstudios IOS des Opernhaus Z\u00fcrich. Corinna Marchesa Melibea La Contessa di Folleville...","og_url":"https:\/\/bettinaschneebeli.com\/de\/event\/il-viaggio-a-reims\/","og_site_name":"Bettina Schneebeli","article_modified_time":"2025-02-01T10:54:26+00:00","og_image":[{"width":3204,"height":1396,"url":"https:\/\/bettinaschneebeli.com\/wp-content\/uploads\/2025\/01\/il-viaggio-a-reims-2025.png","type":"image\/png"}],"twitter_card":"summary_large_image","twitter_misc":{"Gesch\u00e4tzte Lesezeit":"1\u00a0Minute"},"schema":{"@context":"https:\/\/schema.org","@graph":[{"@type":"WebPage","@id":"https:\/\/bettinaschneebeli.com\/event\/il-viaggio-a-reims\/","url":"https:\/\/bettinaschneebeli.com\/event\/il-viaggio-a-reims\/","name":"Il viaggio a Reims - Bettina Schneebeli","isPartOf":{"@id":"https:\/\/bettinaschneebeli.com\/#website"},"primaryImageOfPage":{"@id":"https:\/\/bettinaschneebeli.com\/event\/il-viaggio-a-reims\/#primaryimage"},"image":{"@id":"https:\/\/bettinaschneebeli.com\/event\/il-viaggio-a-reims\/#primaryimage"},"thumbnailUrl":"https:\/\/bettinaschneebeli.com\/wp-content\/uploads\/2025\/01\/il-viaggio-a-reims-2025.png","datePublished":"2025-01-29T15:18:04+00:00","dateModified":"2025-02-01T10:54:26+00:00","breadcrumb":{"@id":"https:\/\/bettinaschneebeli.com\/event\/il-viaggio-a-reims\/#breadcrumb"},"inLanguage":"de-CH","potentialAction":[{"@type":"ReadAction","target":["https:\/\/bettinaschneebeli.com\/event\/il-viaggio-a-reims\/"]}]},{"@type":"ImageObject","inLanguage":"de-CH","@id":"https:\/\/bettinaschneebeli.com\/event\/il-viaggio-a-reims\/#primaryimage","url":"https:\/\/bettinaschneebeli.com\/wp-content\/uploads\/2025\/01\/il-viaggio-a-reims-2025.png","contentUrl":"https:\/\/bettinaschneebeli.com\/wp-content\/uploads\/2025\/01\/il-viaggio-a-reims-2025.png","width":3204,"height":1396},{"@type":"BreadcrumbList","@id":"https:\/\/bettinaschneebeli.com\/event\/il-viaggio-a-reims\/#breadcrumb","itemListElement":[{"@type":"ListItem","position":1,"name":"Home","item":"https:\/\/bettinaschneebeli.com\/"},{"@type":"ListItem","position":2,"name":"Events","item":"https:\/\/bettinaschneebeli.com\/events\/"},{"@type":"ListItem","position":3,"name":"Il viaggio a Reims"}]},{"@type":"WebSite","@id":"https:\/\/bettinaschneebeli.com\/#website","url":"https:\/\/bettinaschneebeli.com\/","name":"Bettina Schneebeli","description":"","publisher":{"@id":"https:\/\/bettinaschneebeli.com\/#organization"},"potentialAction":[{"@type":"SearchAction","target":{"@type":"EntryPoint","urlTemplate":"https:\/\/bettinaschneebeli.com\/?s={search_term_string}"},"query-input":"required name=search_term_string"}],"inLanguage":"de-CH"},{"@type":"Organization","@id":"https:\/\/bettinaschneebeli.com\/#organization","name":"Bettina Schneebeli","url":"https:\/\/bettinaschneebeli.com\/","logo":{"@type":"ImageObject","inLanguage":"de-CH","@id":"https:\/\/bettinaschneebeli.com\/#\/schema\/logo\/image\/","url":"https:\/\/bettinaschneebeli.com\/wp-content\/uploads\/2024\/05\/cropped-cropped-Bettina-Logo-grau3a3b3c-rotgimp2.png","contentUrl":"https:\/\/bettinaschneebeli.com\/wp-content\/uploads\/2024\/05\/cropped-cropped-Bettina-Logo-grau3a3b3c-rotgimp2.png","width":1454,"height":550,"caption":"Bettina Schneebeli"},"image":{"@id":"https:\/\/bettinaschneebeli.com\/#\/schema\/logo\/image\/"}}]}},"_links":{"self":[{"href":"https:\/\/bettinaschneebeli.com\/de\/wp-json\/wp\/v2\/tribe_events\/752","targetHints":{"allow":["GET"]}}],"collection":[{"href":"https:\/\/bettinaschneebeli.com\/de\/wp-json\/wp\/v2\/tribe_events"}],"about":[{"href":"https:\/\/bettinaschneebeli.com\/de\/wp-json\/wp\/v2\/types\/tribe_events"}],"author":[{"embeddable":true,"href":"https:\/\/bettinaschneebeli.com\/de\/wp-json\/wp\/v2\/users\/1"}],"version-history":[{"count":3,"href":"https:\/\/bettinaschneebeli.com\/de\/wp-json\/wp\/v2\/tribe_events\/752\/revisions"}],"predecessor-version":[{"id":758,"href":"https:\/\/bettinaschneebeli.com\/de\/wp-json\/wp\/v2\/tribe_events\/752\/revisions\/758"}],"wp:featuredmedia":[{"embeddable":true,"href":"https:\/\/bettinaschneebeli.com\/de\/wp-json\/wp\/v2\/media\/810"}],"wp:attachment":[{"href":"https:\/\/bettinaschneebeli.com\/de\/wp-json\/wp\/v2\/media?parent=752"}],"wp:term":[{"taxonomy":"post_tag","embeddable":true,"href":"https:\/\/bettinaschneebeli.com\/de\/wp-json\/wp\/v2\/tags?post=752"},{"taxonomy":"tribe_events_cat","embeddable":true,"href":"https:\/\/bettinaschneebeli.com\/de\/wp-json\/wp\/v2\/tribe_events_cat?post=752"}],"curies":[{"name":"wp","href":"https:\/\/api.w.org\/{rel}","templated":true}]}}