{"id":780,"date":"2025-01-29T16:58:44","date_gmt":"2025-01-29T16:58:44","guid":{"rendered":"https:\/\/bettinaschneebeli.com\/?post_type=tribe_events&#038;p=780"},"modified":"2025-01-29T16:58:45","modified_gmt":"2025-01-29T16:58:45","slug":"le-dernier-sorcier-theater-stok-zurich","status":"publish","type":"tribe_events","link":"https:\/\/bettinaschneebeli.com\/de\/event\/le-dernier-sorcier-theater-stok-zurich\/","title":{"rendered":"Le Dernier Sorcier &#8211; Theater Stok Z\u00fcrich"},"content":{"rendered":"<p class=\"wp-block-paragraph\"><\/p>\n\n\n\n<p class=\"wp-block-paragraph\"><\/p>\n\n\n\n<figure class=\"wp-block-image size-full\"><img loading=\"lazy\" decoding=\"async\" width=\"189\" height=\"267\" src=\"https:\/\/bettinaschneebeli.com\/wp-content\/uploads\/2024\/05\/dornieroipera.jpg\" alt=\"\" class=\"wp-image-214\"\/><\/figure>\n\n\n<div  class=\"tribe-events-schedule tribe-clearfix\" >\n\t<p class=\"tribe-events-schedule__datetime\">\n\t\t<span class=\"tribe-events-schedule__date tribe-events-schedule__date--start\">\n\t\t\tOktober 22, 2023\t\t<\/span>\n\n\t\t\t\t\t<span class=\"tribe-events-schedule__separator tribe-events-schedule__separator--date\">\n\t\t\t\t @ \t\t\t<\/span>\n\t\t\t<span class=\"tribe-events-schedule__time tribe-events-schedule__time--start\">\n\t\t\t\t8:00 p.m.\t\t\t<\/span>\n\t\t\n\t\t\t\t\t\t\t\t\t<span class=\"tribe-events-schedule__separator tribe-events-schedule__separator--time\">\n\t\t\t\t\t &#8211; \t\t\t\t<\/span>\n\t\t\t\n\t\t\t\t\t\t\t<span class=\"tribe-events-schedule__time tribe-events-schedule__time--end\">\n\t\t\t\t\t10:30 p.m.\t\t\t\t<\/span>\n\t\t\t\n\t\t\t\t\t\t<\/p>\n<\/div>\n\n\n\n<h4 class=\"wp-block-heading\"><strong>Vorstellungsdaten:<\/strong><\/h4>\n\n\n\n<h4 class=\"wp-block-heading\"><strong>im Oktober 2023<\/strong><\/h4>\n\n\n\n<p class=\"wp-block-paragraph\">Sonntag, 22.10.2023, Studiob\u00fchne Z Br\u00fctten<\/p>\n\n\n\n<p class=\"wp-block-paragraph\">Mittwoch, 25.10.2023, Theater Stok Z\u00fcrich<\/p>\n\n\n\n<p class=\"wp-block-paragraph\">Donnerstag, 26.10.2023, Theater Stok Z\u00fcrich<\/p>\n\n\n\n<p class=\"wp-block-paragraph\">Freitag, 27.10.2023, Theater Stok Z\u00fcrich<\/p>\n\n\n\n<p class=\"wp-block-paragraph\">Samstag, 28.10.2023, Theater Stok Z\u00fcrich<\/p>\n\n\n\n<p class=\"wp-block-paragraph\">Sonntag, 29.10.2023, Theater Stok Z\u00fcrich<\/p>\n\n\n\n<p class=\"wp-block-paragraph\"><\/p>\n\n\n\n<p class=\"wp-block-paragraph\">Musik von Pauline Viardot, Text von Iwan Turgenjew<\/p>\n\n\n\n<p class=\"wp-block-paragraph\">Gesungen auf Franz\u00f6sisch\/ gesprochen auf Deutsch<\/p>\n\n\n\n<p class=\"wp-block-paragraph\"><strong>S\u00e4nger:innen:<\/strong>&nbsp;Nicole Hitz (Stella), Bettina Schneebeli (Prinz Lelio), Rosina Zoppi (Elfenk\u00f6nigin), Fabrice Raviola (Krakamiche), Ruben Banzer (Perlimpinpin)<\/p>\n\n\n\n<p class=\"wp-block-paragraph\"><strong>Musiker:innen:<\/strong>&nbsp;Judith Polgar (Klavier), Lindsay Buffington (Harfe), David Gurtner (Percussion), Mario von Holten (Percussion)<\/p>\n\n\n\n<p class=\"wp-block-paragraph\"><strong>Tickets und Vorverkauf:<\/strong><\/p>\n\n\n\n<p class=\"wp-block-paragraph\"><strong>Studiob\u00fchne Z Br\u00fctten<\/strong>, Unterdorfstrasse 12, 8311 Br\u00fcttenVorverkauf: vorverkauf@operimknopfloch.ch \u2013 079 747 95 48Eintrittspreise: Fr. 30.- \/ 20.- (Studierende) in bar oder mit TwintDie Pl\u00e4tze sind unnummeriert.Abendkasse und Bar eine Stunde vor Beginn ge\u00f6ffnet.<\/p>\n\n\n\n<p class=\"wp-block-paragraph\"><strong>Theater Stok Z\u00fcrich<\/strong>, Hirschengraben 42, 8001 Z\u00fcrichVorverkauf: vorverkauf@operimknopfloch.ch \u2013 079 747 95 48Eintrittspreise: Fr. 50.- \/ 30.- (Studierende) in bar oder mit TwintDie Pl\u00e4tze sind unnummeriert.Abendkasse und Bar eine Stunde vor Beginn ge\u00f6ffnet.<\/p>\n\n\n<div  class=\"tribe-block tribe-block__event-price\" >\n\t\t\t<span class=\"tribe-block__event-price__cost\"> $30 <\/span>\n\t\t<\/div>\n\n\n\n\n<div  class=\"tribe-block tribe-block__venue tribe-clearfix\" >\n\t\n\t\t\n\t<\/div>\n\n\n<div  class=\"tribe-block tribe-block__event-website\" >\n\t<a\n\t\thref=\"https:\/\/www.operimknopfloch.ch\/ber-uns-1\/produktionen\/2023-le-dernier-sorcier\/\"\n\t\ttarget=\"_self\"\n\t\t\t>\n\t\tOper im Knopfloch\t<\/a>\n<\/div>\n\n\n\t<div  class=\"tribe-block tribe-block__events-link\" >\n\t\t<div class=\"tribe-events tribe-common\">\n\t\t\t<div class=\"tribe-events-c-subscribe-dropdown__container\">\n\t\t\t\t<div class=\"tribe-events-c-subscribe-dropdown\">\n\t\t\t\t\t<div class=\"tribe-common-c-btn-border tribe-events-c-subscribe-dropdown__button\">\n\t\t\t\t\t\t<svg\n\t class=\"tribe-common-c-svgicon tribe-common-c-svgicon--cal-export tribe-events-c-subscribe-dropdown__export-icon\" \taria-hidden=\"true\"\n\tviewbox=\"0 0 23 17\"\n\txmlns=\"http:\/\/www.w3.org\/2000\/svg\"\n>\n\t<path fill-rule=\"evenodd\" clip-rule=\"evenodd\" d=\"M.128.896V16.13c0 .211.145.383.323.383h15.354c.179 0 .323-.172.323-.383V.896c0-.212-.144-.383-.323-.383H.451C.273.513.128.684.128.896Zm16 6.742h-.901V4.679H1.009v10.729h14.218v-3.336h.901V7.638ZM1.01 1.614h14.218v2.058H1.009V1.614Z\" \/>\n\t<path d=\"M20.5 9.846H8.312M18.524 6.953l2.89 2.909-2.855 2.855\" stroke-width=\"1.2\" stroke-linecap=\"round\" stroke-linejoin=\"round\"\/>\n<\/svg>\n\t\t\t\t\t\t<button\n\t\t\t\t\t\t\tclass=\"tribe-events-c-subscribe-dropdown__button-text\"\n\t\t\t\t\t\t\taria-expanded=\"false\"\n\t\t\t\t\t\t\taria-controls=\"tribe-events-subscribe-dropdown-content\"\n\t\t\t\t\t\t\taria-label=\"View links to add events to your calendar\"\n\t\t\t\t\t\t>\n\t\t\t\t\t\t\tZum Kalender hinzuf\u00fcgen\t\t\t\t\t\t<\/button>\n\t\t\t\t\t\t<svg\n\t class=\"tribe-common-c-svgicon tribe-common-c-svgicon--caret-down tribe-events-c-subscribe-dropdown__button-icon\" \taria-hidden=\"true\"\n\tviewbox=\"0 0 10 7\"\n\txmlns=\"http:\/\/www.w3.org\/2000\/svg\"\n>\n\t<path fill-rule=\"evenodd\" clip-rule=\"evenodd\" d=\"M1.008.609L5 4.6 8.992.61l.958.958L5 6.517.05 1.566l.958-.958z\" class=\"tribe-common-c-svgicon__svg-fill\"\/>\n<\/svg>\n\t\t\t\t\t<\/div>\n\t\t\t\t\t<div id=\"tribe-events-subscribe-dropdown-content\" class=\"tribe-events-c-subscribe-dropdown__content\">\n\t\t\t\t\t\t<ul class=\"tribe-events-c-subscribe-dropdown__list\">\n\t\t\t\t\t\t\t\t\t\t\t\t\t\t\t<li class=\"tribe-events-c-subscribe-dropdown__list-item tribe-events-c-subscribe-dropdown__list-item--gcal\">\n\t\t\t\t\t\t\t\t\t<a\n\t\t\t\t\t\t\t\t\t\thref=\"https:\/\/www.google.com\/calendar\/event?action=TEMPLATE&#038;dates=20231022T200000\/20231022T223000&#038;text=Le%20Dernier%20Sorcier%20%26%238211%3B%20Theater%20Stok%20Z%C3%BCrich&#038;details=%3Cp%3E%3C%2Fp%3E+%3Cp%3E%3C%2Fp%3E+%3Cfigure+class%3D%22wp-block-image+size-full%22%3E%3Cimg+src%3D%22https%3A%2F%2Fbettinaschneebeli.com%2Fwp-content%2Fuploads%2F2024%2F05%2Fdornieroipera.jpg%22+alt%3D%22%22+class%3D%22wp-image-214%22%2F%3E%3C%2Ffigure%3E%3Ch4+class%3D%22wp-block-heading%22%3E%3Cstrong%3EVorstellungsdaten%3A%3C%2Fstrong%3E%3C%2Fh4%3E%3Ch4+class%3D%22wp-block-heading%22%3E%3Cstrong%3Eim+Oktober+2023%3C%2Fstrong%3E%3C%2Fh4%3E%3Cp%3ESonntag%2C+22.10.2023%2C+Studiob%C3%BChne+Z+Br%C3%BCtten%3C%2Fp%3E+%3Cp%3EMittwoch%2C+25.10.2023%2C+Theater+Stok+Z%C3%BCrich%3C%2Fp%3E+%3Cp%3EDonnerstag%2C+26.10.2023%2C+Theater+Stok+Z%C3%BCrich%3C%2Fp%3E+%3Cp%3EFreitag%2C+27.10.2023%2C+Theater+Stok+Z%C3%BCrich%3C%2Fp%3E+%3Cp%3ESamstag%2C+28.10.2023%2C+Theater+Stok+Z%C3%BCrich%3C%2Fp%3E+%3Cp%3ESonntag%2C+29.10.2023%2C+Theater+Stok+Z%C3%BCrich%3C%2Fp%3E+%3Cp%3E%3C%2Fp%3E+%3Cp%3EMusik+von+Pauline+Viardot%2C+Text+von+Iwan+Turgenjew%3C%2Fp%3E+%3Cp%3EGesungen+auf+Franz%C3%B6sisch%2F+gesprochen+auf+Deutsch%3C%2Fp%3E+%3Cp%3E%3Cstrong%3ES%C3%A4nger%3Ainnen%3A%3C%2Fstrong%3E%26nbsp%3BNicole+Hitz+%28Stella%29%2C+Bettina+Schneebeli+%28Prinz+Lelio%29%2C+Rosina+Zoppi+%28Elfenk%C3%B6nigin%29%2C+Fabrice+Raviola+%28Krakamiche%29%2C+Ruben+Banzer+%28Perlimpinpin%29%3C%2Fp%3E+%3Cp%3E%3Cs%3C%2Fp%3E+%28Ausf%C3%BChrliche+Veranstaltung-Beschreibung%3A+https%3A%2F%2Fbettinaschneebeli.com%2Fde%2Fevent%2Fle-dernier-sorcier-theater-stok-zurich%2F%29&#038;trp=false&#038;ctz=UTC+0&#038;sprop=website:https:\/\/bettinaschneebeli.com\/de\"\n\t\t\t\t\t\t\t\t\t\tclass=\"tribe-events-c-subscribe-dropdown__list-item-link\"\n\t\t\t\t\t\t\t\t\t\ttarget=\"_blank\"\n\t\t\t\t\t\t\t\t\t\trel=\"noopener noreferrer nofollow noindex\"\n\t\t\t\t\t\t\t\t\t>\n\t\t\t\t\t\t\t\t\t\tGoogle Kalender\t\t\t\t\t\t\t\t\t<\/a>\n\t\t\t\t\t\t\t\t<\/li>\n\t\t\t\t\t\t\t\t\t\t\t\t\t\t\t<li class=\"tribe-events-c-subscribe-dropdown__list-item tribe-events-c-subscribe-dropdown__list-item--ical\">\n\t\t\t\t\t\t\t\t\t<a\n\t\t\t\t\t\t\t\t\t\thref=\"\"\n\t\t\t\t\t\t\t\t\t\tclass=\"tribe-events-c-subscribe-dropdown__list-item-link\"\n\t\t\t\t\t\t\t\t\t\ttarget=\"_blank\"\n\t\t\t\t\t\t\t\t\t\trel=\"noopener noreferrer nofollow noindex\"\n\t\t\t\t\t\t\t\t\t>\n\t\t\t\t\t\t\t\t\t\tiCalendar\t\t\t\t\t\t\t\t\t<\/a>\n\t\t\t\t\t\t\t\t<\/li>\n\t\t\t\t\t\t\t\t\t\t\t\t\t\t\t<li class=\"tribe-events-c-subscribe-dropdown__list-item tribe-events-c-subscribe-dropdown__list-item--outlook-365\">\n\t\t\t\t\t\t\t\t\t<a\n\t\t\t\t\t\t\t\t\t\thref=\"\"\n\t\t\t\t\t\t\t\t\t\tclass=\"tribe-events-c-subscribe-dropdown__list-item-link\"\n\t\t\t\t\t\t\t\t\t\ttarget=\"_blank\"\n\t\t\t\t\t\t\t\t\t\trel=\"noopener noreferrer nofollow noindex\"\n\t\t\t\t\t\t\t\t\t>\n\t\t\t\t\t\t\t\t\t\tOutlook 365\t\t\t\t\t\t\t\t\t<\/a>\n\t\t\t\t\t\t\t\t<\/li>\n\t\t\t\t\t\t\t\t\t\t\t\t\t\t\t<li class=\"tribe-events-c-subscribe-dropdown__list-item tribe-events-c-subscribe-dropdown__list-item--outlook-live\">\n\t\t\t\t\t\t\t\t\t<a\n\t\t\t\t\t\t\t\t\t\thref=\"\"\n\t\t\t\t\t\t\t\t\t\tclass=\"tribe-events-c-subscribe-dropdown__list-item-link\"\n\t\t\t\t\t\t\t\t\t\ttarget=\"_blank\"\n\t\t\t\t\t\t\t\t\t\trel=\"noopener noreferrer nofollow noindex\"\n\t\t\t\t\t\t\t\t\t>\n\t\t\t\t\t\t\t\t\t\tOutlook Live\t\t\t\t\t\t\t\t\t<\/a>\n\t\t\t\t\t\t\t\t<\/li>\n\t\t\t\t\t\t\t\t\t\t\t\t\t<\/ul>\n\t\t\t\t\t<\/div>\n\t\t\t\t<\/div>\n\t\t\t<\/div>\n\t\t<\/div>\n\t<\/div>","protected":false},"excerpt":{"rendered":"<p>Vorstellungsdaten: im Oktober 2023 Sonntag, 22.10.2023, Studiob\u00fchne Z Br\u00fctten Mittwoch, 25.10.2023, Theater Stok Z\u00fcrich Donnerstag, 26.10.2023, Theater Stok Z\u00fcrich Freitag, 27.10.2023, Theater Stok Z\u00fcrich Samstag, 28.10.2023, Theater Stok Z\u00fcrich Sonntag,&#8230;<\/p>","protected":false},"author":1,"featured_media":214,"template":"","meta":{"_EventAllDay":false,"_EventTimezone":"UTC+0","_EventStartDate":"2023-10-22 20:00:00","_EventEndDate":"2023-10-22 22:30:00","_EventStartDateUTC":"2023-10-22 20:00:00","_EventEndDateUTC":"2023-10-22 22:30:00","_EventShowMap":false,"_EventShowMapLink":false,"_EventURL":"https:\/\/www.operimknopfloch.ch\/ber-uns-1\/produktionen\/2023-le-dernier-sorcier\/","_EventCost":"30","_EventCostDescription":"","_EventCurrencySymbol":"$","_EventCurrencyCode":"USD","_EventCurrencyPosition":"prefix","_EventDateTimeSeparator":" @ ","_EventTimeRangeSeparator":" - ","_EventOrganizerID":[],"_EventVenueID":[],"_OrganizerEmail":"","_OrganizerPhone":"","_OrganizerWebsite":"","_VenueAddress":"","_VenueCity":"","_VenueCountry":"","_VenueProvince":"","_VenueState":"","_VenueZip":"","_VenuePhone":"","_VenueURL":"","_VenueStateProvince":"","_VenueLat":"","_VenueLng":"","_VenueShowMap":false,"_VenueShowMapLink":false,"_kadence_starter_templates_imported_post":false,"_kad_post_transparent":"","_kad_post_title":"","_kad_post_layout":"","_kad_post_sidebar_id":"","_kad_post_content_style":"","_kad_post_vertical_padding":"","_kad_post_feature":"","_kad_post_feature_position":"","_kad_post_header":false,"_kad_post_footer":false,"_tribe_events_status":"","_tribe_events_status_reason":"","footnotes":""},"tags":[],"tribe_events_cat":[],"class_list":["post-780","tribe_events","type-tribe_events","status-publish","has-post-thumbnail","hentry"],"yoast_head":"<!-- This site is optimized with the Yoast SEO plugin v22.7 - https:\/\/yoast.com\/wordpress\/plugins\/seo\/ -->\n<title>Le Dernier Sorcier - Theater Stok Z\u00fcrich - Bettina Schneebeli<\/title>\n<meta name=\"robots\" content=\"index, follow, max-snippet:-1, max-image-preview:large, max-video-preview:-1\" \/>\n<link rel=\"canonical\" href=\"https:\/\/bettinaschneebeli.com\/de\/event\/le-dernier-sorcier-theater-stok-zurich\/\" \/>\n<meta property=\"og:locale\" content=\"de_DE\" \/>\n<meta property=\"og:type\" content=\"article\" \/>\n<meta property=\"og:title\" content=\"Le Dernier Sorcier - Theater Stok Z\u00fcrich - Bettina Schneebeli\" \/>\n<meta property=\"og:description\" content=\"Vorstellungsdaten: im Oktober 2023 Sonntag, 22.10.2023, Studiob\u00fchne Z Br\u00fctten Mittwoch, 25.10.2023, Theater Stok Z\u00fcrich Donnerstag, 26.10.2023, Theater Stok Z\u00fcrich Freitag, 27.10.2023, Theater Stok Z\u00fcrich Samstag, 28.10.2023, Theater Stok Z\u00fcrich Sonntag,...\" \/>\n<meta property=\"og:url\" content=\"https:\/\/bettinaschneebeli.com\/de\/event\/le-dernier-sorcier-theater-stok-zurich\/\" \/>\n<meta property=\"og:site_name\" content=\"Bettina Schneebeli\" \/>\n<meta property=\"article:modified_time\" content=\"2025-01-29T16:58:45+00:00\" \/>\n<meta property=\"og:image\" content=\"https:\/\/bettinaschneebeli.com\/wp-content\/uploads\/2024\/05\/dornieroipera.jpg\" \/>\n\t<meta property=\"og:image:width\" content=\"189\" \/>\n\t<meta property=\"og:image:height\" content=\"267\" \/>\n\t<meta property=\"og:image:type\" content=\"image\/jpeg\" \/>\n<meta name=\"twitter:card\" content=\"summary_large_image\" \/>\n<meta name=\"twitter:label1\" content=\"Gesch\u00e4tzte Lesezeit\" \/>\n\t<meta name=\"twitter:data1\" content=\"2\u00a0Minuten\" \/>\n<script type=\"application\/ld+json\" class=\"yoast-schema-graph\">{\"@context\":\"https:\/\/schema.org\",\"@graph\":[{\"@type\":\"WebPage\",\"@id\":\"https:\/\/bettinaschneebeli.com\/event\/le-dernier-sorcier-theater-stok-zurich\/\",\"url\":\"https:\/\/bettinaschneebeli.com\/event\/le-dernier-sorcier-theater-stok-zurich\/\",\"name\":\"Le Dernier Sorcier - Theater Stok Z\u00fcrich - Bettina Schneebeli\",\"isPartOf\":{\"@id\":\"https:\/\/bettinaschneebeli.com\/#website\"},\"primaryImageOfPage\":{\"@id\":\"https:\/\/bettinaschneebeli.com\/event\/le-dernier-sorcier-theater-stok-zurich\/#primaryimage\"},\"image\":{\"@id\":\"https:\/\/bettinaschneebeli.com\/event\/le-dernier-sorcier-theater-stok-zurich\/#primaryimage\"},\"thumbnailUrl\":\"https:\/\/bettinaschneebeli.com\/wp-content\/uploads\/2024\/05\/dornieroipera.jpg\",\"datePublished\":\"2025-01-29T16:58:44+00:00\",\"dateModified\":\"2025-01-29T16:58:45+00:00\",\"breadcrumb\":{\"@id\":\"https:\/\/bettinaschneebeli.com\/event\/le-dernier-sorcier-theater-stok-zurich\/#breadcrumb\"},\"inLanguage\":\"de-CH\",\"potentialAction\":[{\"@type\":\"ReadAction\",\"target\":[\"https:\/\/bettinaschneebeli.com\/event\/le-dernier-sorcier-theater-stok-zurich\/\"]}]},{\"@type\":\"ImageObject\",\"inLanguage\":\"de-CH\",\"@id\":\"https:\/\/bettinaschneebeli.com\/event\/le-dernier-sorcier-theater-stok-zurich\/#primaryimage\",\"url\":\"https:\/\/bettinaschneebeli.com\/wp-content\/uploads\/2024\/05\/dornieroipera.jpg\",\"contentUrl\":\"https:\/\/bettinaschneebeli.com\/wp-content\/uploads\/2024\/05\/dornieroipera.jpg\",\"width\":189,\"height\":267},{\"@type\":\"BreadcrumbList\",\"@id\":\"https:\/\/bettinaschneebeli.com\/event\/le-dernier-sorcier-theater-stok-zurich\/#breadcrumb\",\"itemListElement\":[{\"@type\":\"ListItem\",\"position\":1,\"name\":\"Home\",\"item\":\"https:\/\/bettinaschneebeli.com\/\"},{\"@type\":\"ListItem\",\"position\":2,\"name\":\"Events\",\"item\":\"https:\/\/bettinaschneebeli.com\/events\/\"},{\"@type\":\"ListItem\",\"position\":3,\"name\":\"Le Dernier Sorcier &#8211; Theater Stok Z\u00fcrich\"}]},{\"@type\":\"WebSite\",\"@id\":\"https:\/\/bettinaschneebeli.com\/#website\",\"url\":\"https:\/\/bettinaschneebeli.com\/\",\"name\":\"Bettina Schneebeli\",\"description\":\"\",\"publisher\":{\"@id\":\"https:\/\/bettinaschneebeli.com\/#organization\"},\"potentialAction\":[{\"@type\":\"SearchAction\",\"target\":{\"@type\":\"EntryPoint\",\"urlTemplate\":\"https:\/\/bettinaschneebeli.com\/?s={search_term_string}\"},\"query-input\":\"required name=search_term_string\"}],\"inLanguage\":\"de-CH\"},{\"@type\":\"Organization\",\"@id\":\"https:\/\/bettinaschneebeli.com\/#organization\",\"name\":\"Bettina Schneebeli\",\"url\":\"https:\/\/bettinaschneebeli.com\/\",\"logo\":{\"@type\":\"ImageObject\",\"inLanguage\":\"de-CH\",\"@id\":\"https:\/\/bettinaschneebeli.com\/#\/schema\/logo\/image\/\",\"url\":\"https:\/\/bettinaschneebeli.com\/wp-content\/uploads\/2024\/05\/cropped-cropped-Bettina-Logo-grau3a3b3c-rotgimp2.png\",\"contentUrl\":\"https:\/\/bettinaschneebeli.com\/wp-content\/uploads\/2024\/05\/cropped-cropped-Bettina-Logo-grau3a3b3c-rotgimp2.png\",\"width\":1454,\"height\":550,\"caption\":\"Bettina Schneebeli\"},\"image\":{\"@id\":\"https:\/\/bettinaschneebeli.com\/#\/schema\/logo\/image\/\"}}]}<\/script>\n<!-- \/ Yoast SEO plugin. -->","yoast_head_json":{"title":"Le Dernier Sorcier - Theater Stok Z\u00fcrich - Bettina Schneebeli","robots":{"index":"index","follow":"follow","max-snippet":"max-snippet:-1","max-image-preview":"max-image-preview:large","max-video-preview":"max-video-preview:-1"},"canonical":"https:\/\/bettinaschneebeli.com\/de\/event\/le-dernier-sorcier-theater-stok-zurich\/","og_locale":"de_DE","og_type":"article","og_title":"Le Dernier Sorcier - Theater Stok Z\u00fcrich - Bettina Schneebeli","og_description":"Vorstellungsdaten: im Oktober 2023 Sonntag, 22.10.2023, Studiob\u00fchne Z Br\u00fctten Mittwoch, 25.10.2023, Theater Stok Z\u00fcrich Donnerstag, 26.10.2023, Theater Stok Z\u00fcrich Freitag, 27.10.2023, Theater Stok Z\u00fcrich Samstag, 28.10.2023, Theater Stok Z\u00fcrich Sonntag,...","og_url":"https:\/\/bettinaschneebeli.com\/de\/event\/le-dernier-sorcier-theater-stok-zurich\/","og_site_name":"Bettina Schneebeli","article_modified_time":"2025-01-29T16:58:45+00:00","og_image":[{"width":189,"height":267,"url":"https:\/\/bettinaschneebeli.com\/wp-content\/uploads\/2024\/05\/dornieroipera.jpg","type":"image\/jpeg"}],"twitter_card":"summary_large_image","twitter_misc":{"Gesch\u00e4tzte Lesezeit":"2\u00a0Minuten"},"schema":{"@context":"https:\/\/schema.org","@graph":[{"@type":"WebPage","@id":"https:\/\/bettinaschneebeli.com\/event\/le-dernier-sorcier-theater-stok-zurich\/","url":"https:\/\/bettinaschneebeli.com\/event\/le-dernier-sorcier-theater-stok-zurich\/","name":"Le Dernier Sorcier - Theater Stok Z\u00fcrich - Bettina Schneebeli","isPartOf":{"@id":"https:\/\/bettinaschneebeli.com\/#website"},"primaryImageOfPage":{"@id":"https:\/\/bettinaschneebeli.com\/event\/le-dernier-sorcier-theater-stok-zurich\/#primaryimage"},"image":{"@id":"https:\/\/bettinaschneebeli.com\/event\/le-dernier-sorcier-theater-stok-zurich\/#primaryimage"},"thumbnailUrl":"https:\/\/bettinaschneebeli.com\/wp-content\/uploads\/2024\/05\/dornieroipera.jpg","datePublished":"2025-01-29T16:58:44+00:00","dateModified":"2025-01-29T16:58:45+00:00","breadcrumb":{"@id":"https:\/\/bettinaschneebeli.com\/event\/le-dernier-sorcier-theater-stok-zurich\/#breadcrumb"},"inLanguage":"de-CH","potentialAction":[{"@type":"ReadAction","target":["https:\/\/bettinaschneebeli.com\/event\/le-dernier-sorcier-theater-stok-zurich\/"]}]},{"@type":"ImageObject","inLanguage":"de-CH","@id":"https:\/\/bettinaschneebeli.com\/event\/le-dernier-sorcier-theater-stok-zurich\/#primaryimage","url":"https:\/\/bettinaschneebeli.com\/wp-content\/uploads\/2024\/05\/dornieroipera.jpg","contentUrl":"https:\/\/bettinaschneebeli.com\/wp-content\/uploads\/2024\/05\/dornieroipera.jpg","width":189,"height":267},{"@type":"BreadcrumbList","@id":"https:\/\/bettinaschneebeli.com\/event\/le-dernier-sorcier-theater-stok-zurich\/#breadcrumb","itemListElement":[{"@type":"ListItem","position":1,"name":"Home","item":"https:\/\/bettinaschneebeli.com\/"},{"@type":"ListItem","position":2,"name":"Events","item":"https:\/\/bettinaschneebeli.com\/events\/"},{"@type":"ListItem","position":3,"name":"Le Dernier Sorcier &#8211; Theater Stok Z\u00fcrich"}]},{"@type":"WebSite","@id":"https:\/\/bettinaschneebeli.com\/#website","url":"https:\/\/bettinaschneebeli.com\/","name":"Bettina Schneebeli","description":"","publisher":{"@id":"https:\/\/bettinaschneebeli.com\/#organization"},"potentialAction":[{"@type":"SearchAction","target":{"@type":"EntryPoint","urlTemplate":"https:\/\/bettinaschneebeli.com\/?s={search_term_string}"},"query-input":"required name=search_term_string"}],"inLanguage":"de-CH"},{"@type":"Organization","@id":"https:\/\/bettinaschneebeli.com\/#organization","name":"Bettina Schneebeli","url":"https:\/\/bettinaschneebeli.com\/","logo":{"@type":"ImageObject","inLanguage":"de-CH","@id":"https:\/\/bettinaschneebeli.com\/#\/schema\/logo\/image\/","url":"https:\/\/bettinaschneebeli.com\/wp-content\/uploads\/2024\/05\/cropped-cropped-Bettina-Logo-grau3a3b3c-rotgimp2.png","contentUrl":"https:\/\/bettinaschneebeli.com\/wp-content\/uploads\/2024\/05\/cropped-cropped-Bettina-Logo-grau3a3b3c-rotgimp2.png","width":1454,"height":550,"caption":"Bettina Schneebeli"},"image":{"@id":"https:\/\/bettinaschneebeli.com\/#\/schema\/logo\/image\/"}}]}},"_links":{"self":[{"href":"https:\/\/bettinaschneebeli.com\/de\/wp-json\/wp\/v2\/tribe_events\/780","targetHints":{"allow":["GET"]}}],"collection":[{"href":"https:\/\/bettinaschneebeli.com\/de\/wp-json\/wp\/v2\/tribe_events"}],"about":[{"href":"https:\/\/bettinaschneebeli.com\/de\/wp-json\/wp\/v2\/types\/tribe_events"}],"author":[{"embeddable":true,"href":"https:\/\/bettinaschneebeli.com\/de\/wp-json\/wp\/v2\/users\/1"}],"version-history":[{"count":1,"href":"https:\/\/bettinaschneebeli.com\/de\/wp-json\/wp\/v2\/tribe_events\/780\/revisions"}],"predecessor-version":[{"id":781,"href":"https:\/\/bettinaschneebeli.com\/de\/wp-json\/wp\/v2\/tribe_events\/780\/revisions\/781"}],"wp:featuredmedia":[{"embeddable":true,"href":"https:\/\/bettinaschneebeli.com\/de\/wp-json\/wp\/v2\/media\/214"}],"wp:attachment":[{"href":"https:\/\/bettinaschneebeli.com\/de\/wp-json\/wp\/v2\/media?parent=780"}],"wp:term":[{"taxonomy":"post_tag","embeddable":true,"href":"https:\/\/bettinaschneebeli.com\/de\/wp-json\/wp\/v2\/tags?post=780"},{"taxonomy":"tribe_events_cat","embeddable":true,"href":"https:\/\/bettinaschneebeli.com\/de\/wp-json\/wp\/v2\/tribe_events_cat?post=780"}],"curies":[{"name":"wp","href":"https:\/\/api.w.org\/{rel}","templated":true}]}}